{"id":4991,"date":"2019-01-31T17:34:29","date_gmt":"2019-01-31T17:34:29","guid":{"rendered":"https:\/\/birlacarbon.com\/?page_id=4991"},"modified":"2024-05-23T15:47:42","modified_gmt":"2024-05-23T15:47:42","slug":"comunidades","status":"publish","type":"page","link":"https:\/\/www.birlacarbon.com\/es\/comunidades\/","title":{"rendered":"COMUNIDADES"},"content":{"rendered":"<div class=\"fusion-fullwidth fullwidth-box fusion-builder-row-1 nonhundred-percent-fullwidth non-hundred-percent-height-scrolling cb-interior-main\" style=\"--awb-border-sizes-top:0px;--awb-border-sizes-bottom:0px;--awb-border-sizes-left:0px;--awb-border-sizes-right:0px;--awb-border-radius-top-left:0px;--awb-border-radius-top-right:0px;--awb-border-radius-bottom-right:0px;--awb-border-radius-bottom-left:0px;--awb-padding-top:5%;--awb-padding-right:5%;--awb-padding-bottom:2%;--awb-padding-left:5%;--awb-flex-wrap:wrap;\" ><div class=\"fusion-builder-row fusion-row\"><div class=\"fusion-layout-column fusion_builder_column fusion-builder-column-0 fusion_builder_column_2_3 2_3 fusion-two-third fusion-column-first\" style=\"--awb-padding-top:100px;--awb-padding-right:20px;--awb-padding-bottom:0px;--awb-padding-left:0px;--awb-bg-size:cover;width:65.3333%; margin-right: 4%;\"><div class=\"fusion-column-wrapper fusion-flex-column-wrapper-legacy\"><div class=\"fusion-title title fusion-title-1 fusion-sep-none fusion-title-text fusion-title-size-one\" style=\"--awb-margin-bottom:20px;--awb-margin-top-small:0px;--awb-margin-right-small:0px;--awb-margin-bottom-small:20px;--awb-margin-left-small:0px;\"><h1 class=\"fusion-title-heading title-heading-left fusion-responsive-typography-calculated\" style=\"margin:0;--fontSize:60;line-height:1.25;\">COMUNIDADES<\/h1><\/div><div class=\"fusion-clearfix\"><\/div><\/div><\/div><div class=\"fusion-layout-column fusion_builder_column fusion-builder-column-1 fusion_builder_column_1_1 1_1 fusion-one-full fusion-column-last press-col\" style=\"--awb-padding-top:;--awb-padding-right:;--awb-padding-bottom:;--awb-padding-left:;--awb-bg-size:cover;\"><div class=\"fusion-column-wrapper fusion-flex-column-wrapper-legacy\"><div class=\"fusion-blog-shortcode fusion-blog-shortcode-1 fusion-blog-archive fusion-blog-layout-medium-alternate fusion-blog-infinite sustain-blog-feed\"><div class=\"fusion-posts-container fusion-posts-container-infinite fusion-posts-container-load-more\" data-pages=\"5\"><article id=\"blog-1-post-7957\" class=\"fusion-post-medium-alternate post-7957 post type-post status-publish format-standard has-post-thumbnail hentry category-comunidades\">\n<div class=\"fusion-date-and-formats\"><div class=\"fusion-date-box updated\"><span class=\"fusion-date\">21<\/span><span class=\"fusion-month-year\">Jul 2020<\/span><\/div><div class=\"fusion-format-box\"><i class=\"awb-icon-pen\" aria-hidden=\"true\"><\/i><\/div><\/div>\t<style type=\"text\/css\">\n\t\t\n\t\t\n\t\t\n\t\t\n\t\t\t<\/style>\n\n\n\t\t\t<div class=\"fusion-flexslider flexslider fusion-flexslider-loading fusion-post-slideshow\" style=\"\">\n\t\t<ul class=\"slides\">\n\t\t\t\n\t\t\t\t\t\t\t\t\t\t\t\t\t\t<li><div  class=\"fusion-image-wrapper fusion-image-size-fixed\" aria-haspopup=\"true\">\n\t\t\t\t\t\t\t<a href=\"https:\/\/www.birlacarbon.com\/es\/birla-carbon-italia-premio-a-estudiantes-por-sus-competencias-sociales-innovadoras-en-el-proyecto-desafio-inteligente\/\" aria-label=\"Birla Carbon Italia premi\u00f3 a estudiantes por sus competencias sociales innovadoras en el proyecto \u2018Desaf\u00edo inteligente\u2019\">\n\t\t\t\t\t\t\t<img decoding=\"async\" width=\"320\" height=\"202\" src=\"https:\/\/www.birlacarbon.com\/wp-content\/uploads\/2020\/07\/birla-carbon-communities-logo-320x202.png\" class=\"attachment-blog-medium size-blog-medium wp-post-image\" alt=\"Birla Carbon Communities Logo\" \/>\t\t\t<\/a>\n\t\t\t\t\t\t\t<\/div>\n<\/li>\n\t\t\t\n\t\t\t\n\t\t\t\t\t\t\t\t\t\t\t\t\t\t\t\t\t\t\t\t\t\t\t\t\t\t\t\t\t\t\t\t\t\t\t\t\t\t\t\t\t\t\t\t\t\t\t\t\t\t\t\t\t\t\t\t\t\t\t\t\t\t\t\t\t\t\t\t<\/ul>\n\t<\/div>\n\t<div class=\"fusion-post-content post-content\"><h2 class=\"blog-shortcode-post-title entry-title\"><a href=\"https:\/\/www.birlacarbon.com\/es\/birla-carbon-italia-premio-a-estudiantes-por-sus-competencias-sociales-innovadoras-en-el-proyecto-desafio-inteligente\/\">Birla Carbon Italia premi\u00f3 a estudiantes por sus competencias sociales innovadoras en el proyecto \u2018Desaf\u00edo inteligente\u2019<\/a><\/h2><span class=\"vcard\" style=\"display: none;\"><span class=\"fn\"><a href=\"https:\/\/www.birlacarbon.com\/es\/author\/manoj\/\" title=\"Entradas de Manoj Nair\" rel=\"author\">Manoj Nair<\/a><\/span><\/span><span class=\"updated\" style=\"display:none;\">2021-02-06T18:27:58+00:00<\/span><div class=\"fusion-post-content-container\"><p>Birla Carbon Italia, junto a otras empresas qu\u00edmicas, particip\u00f3 el 30 de abril de 2020 en un proyecto experimental innovador de compaginaci\u00f3n entre escuela y trabajo por primera vez. <\/p><\/div><\/div><div class=\"fusion-clearfix\"><\/div><\/article>\n<article id=\"blog-1-post-6174\" class=\"fusion-post-medium-alternate post-6174 post type-post status-publish format-standard has-post-thumbnail hentry category-comunidades\">\n<div class=\"fusion-date-and-formats\"><div class=\"fusion-date-box updated\"><span class=\"fusion-date\">6<\/span><span class=\"fusion-month-year\">Ene 2020<\/span><\/div><div class=\"fusion-format-box\"><i class=\"awb-icon-pen\" aria-hidden=\"true\"><\/i><\/div><\/div>\t<style type=\"text\/css\">\n\t\t\n\t\t\n\t\t\n\t\t\n\t\t\t<\/style>\n\n\n\t\t\t<div class=\"fusion-flexslider flexslider fusion-flexslider-loading fusion-post-slideshow\" style=\"\">\n\t\t<ul class=\"slides\">\n\t\t\t\n\t\t\t\t\t\t\t\t\t\t\t\t\t\t<li><div  class=\"fusion-image-wrapper fusion-image-size-fixed\" aria-haspopup=\"true\">\n\t\t\t\t\t\t\t<a href=\"https:\/\/www.birlacarbon.com\/es\/birla-carbon-cubatao-compartio-perspectivas-laborales-con-estudiantes\/\" aria-label=\"Birla Carbon Cubat\u00e3o comparti\u00f3 perspectivas laborales con estudiantes\">\n\t\t\t\t\t\t\t<img decoding=\"async\" width=\"320\" height=\"202\" src=\"https:\/\/www.birlacarbon.com\/wp-content\/uploads\/2020\/01\/Picture1-4-320x202.png\" class=\"attachment-blog-medium size-blog-medium wp-post-image\" alt=\"Birla Carbon Cubatao shared career prospects with students\" \/>\t\t\t<\/a>\n\t\t\t\t\t\t\t<\/div>\n<\/li>\n\t\t\t\n\t\t\t\n\t\t\t\t\t\t\t\t\t\t\t\t\t\t\t\t\t\t\t\t\t\t\t\t\t\t\t\t\t\t\t\t\t\t\t\t\t\t\t\t\t\t\t\t\t\t\t\t\t\t\t\t\t\t\t\t\t\t\t\t\t\t\t\t\t\t\t\t<\/ul>\n\t<\/div>\n\t<div class=\"fusion-post-content post-content\"><h2 class=\"blog-shortcode-post-title entry-title\"><a href=\"https:\/\/www.birlacarbon.com\/es\/birla-carbon-cubatao-compartio-perspectivas-laborales-con-estudiantes\/\">Birla Carbon Cubat\u00e3o comparti\u00f3 perspectivas laborales con estudiantes<\/a><\/h2><span class=\"vcard\" style=\"display: none;\"><span class=\"fn\"><a href=\"https:\/\/www.birlacarbon.com\/es\/author\/manoj\/\" title=\"Entradas de Manoj Nair\" rel=\"author\">Manoj Nair<\/a><\/span><\/span><span class=\"updated\" style=\"display:none;\">2021-02-06T18:27:59+00:00<\/span><div class=\"fusion-post-content-container\"><p>\"La sesi\u00f3n fue muy interesante y me alegra verlos entusiastas acerca de su futuro. Espero que elijan sus carreras con detenimiento y una fuerte creencia y dedicaci\u00f3n\". - Marcus Vinicius<\/p><\/div><\/div><div class=\"fusion-clearfix\"><\/div><\/article>\n<article id=\"blog-1-post-6172\" class=\"fusion-post-medium-alternate post-6172 post type-post status-publish format-standard has-post-thumbnail hentry category-comunidades\">\n<div class=\"fusion-date-and-formats\"><div class=\"fusion-date-box updated\"><span class=\"fusion-date\">6<\/span><span class=\"fusion-month-year\">Ene 2020<\/span><\/div><div class=\"fusion-format-box\"><i class=\"awb-icon-pen\" aria-hidden=\"true\"><\/i><\/div><\/div>\t<style type=\"text\/css\">\n\t\t\n\t\t\n\t\t\n\t\t\n\t\t\t<\/style>\n\n\n\t\t\t<div class=\"fusion-flexslider flexslider fusion-flexslider-loading fusion-post-slideshow\" style=\"\">\n\t\t<ul class=\"slides\">\n\t\t\t\n\t\t\t\t\t\t\t\t\t\t\t\t\t\t<li><div  class=\"fusion-image-wrapper fusion-image-size-fixed\" aria-haspopup=\"true\">\n\t\t\t\t\t\t\t<a href=\"https:\/\/www.birlacarbon.com\/es\/birla-carbon-cubatao-compartio-la-importancia-de-la-seguridad-con-los-estudiantes-escolares-visitantes\/\" aria-label=\"Birla Carbon Cubat\u00e3o comparti\u00f3 la importancia de la seguridad con los estudiantes escolares visitantes\">\n\t\t\t\t\t\t\t<img decoding=\"async\" width=\"320\" height=\"202\" src=\"https:\/\/www.birlacarbon.com\/wp-content\/uploads\/2020\/01\/Picture1-2-320x202.png\" class=\"attachment-blog-medium size-blog-medium wp-post-image\" alt=\"Birla Carbon Cubatao shared the importance of safety with millennials\" \/>\t\t\t<\/a>\n\t\t\t\t\t\t\t<\/div>\n<\/li>\n\t\t\t\n\t\t\t\n\t\t\t\t\t\t\t\t\t\t\t\t\t\t\t\t\t\t\t\t\t\t\t\t\t\t\t\t\t\t\t\t\t\t\t\t\t\t\t\t\t\t\t\t\t\t\t\t\t\t\t\t\t\t\t\t\t\t\t\t\t\t\t\t\t\t\t\t<\/ul>\n\t<\/div>\n\t<div class=\"fusion-post-content post-content\"><h2 class=\"blog-shortcode-post-title entry-title\"><a href=\"https:\/\/www.birlacarbon.com\/es\/birla-carbon-cubatao-compartio-la-importancia-de-la-seguridad-con-los-estudiantes-escolares-visitantes\/\">Birla Carbon Cubat\u00e3o comparti\u00f3 la importancia de la seguridad con los estudiantes escolares visitantes<\/a><\/h2><span class=\"vcard\" style=\"display: none;\"><span class=\"fn\"><a href=\"https:\/\/www.birlacarbon.com\/es\/author\/manoj\/\" title=\"Entradas de Manoj Nair\" rel=\"author\">Manoj Nair<\/a><\/span><\/span><span class=\"updated\" style=\"display:none;\">2021-02-06T18:28:00+00:00<\/span><div class=\"fusion-post-content-container\"><p>On October 29, 2019, the Health, Safety and Environment (HSE) team of Birla Carbon Cubatao, received students from the ETEC Dona Escol\u00e1stica Rosa for additional training on their course for work safety technicians.<\/p><\/div><\/div><div class=\"fusion-clearfix\"><\/div><\/article>\n<article id=\"blog-1-post-6170\" class=\"fusion-post-medium-alternate post-6170 post type-post status-publish format-standard has-post-thumbnail hentry category-comunidades\">\n<div class=\"fusion-date-and-formats\"><div class=\"fusion-date-box updated\"><span class=\"fusion-date\">6<\/span><span class=\"fusion-month-year\">Ene 2020<\/span><\/div><div class=\"fusion-format-box\"><i class=\"awb-icon-pen\" aria-hidden=\"true\"><\/i><\/div><\/div>\t<style type=\"text\/css\">\n\t\t\n\t\t\n\t\t\n\t\t\n\t\t\t<\/style>\n\n\n\t\t\t<div class=\"fusion-flexslider flexslider fusion-flexslider-loading fusion-post-slideshow\" style=\"\">\n\t\t<ul class=\"slides\">\n\t\t\t\n\t\t\t\t\t\t\t\t\t\t\t\t\t\t<li><div  class=\"fusion-image-wrapper fusion-image-size-fixed\" aria-haspopup=\"true\">\n\t\t\t\t\t\t\t<a href=\"https:\/\/www.birlacarbon.com\/es\/feria-de-instituto-patrocinada-por-birla-carbon-italia-para-estudiantes-escolares\/\" aria-label=\"Feria de instituto patrocinada por Birla Carbon Italia para estudiantes escolares\">\n\t\t\t\t\t\t\t<img decoding=\"async\" width=\"320\" height=\"202\" src=\"https:\/\/www.birlacarbon.com\/wp-content\/uploads\/2020\/01\/Picture1-1-320x202.png\" class=\"attachment-blog-medium size-blog-medium wp-post-image\" alt=\"Birla Carbon Italy sponsored a high school fair for school students\" srcset=\"https:\/\/www.birlacarbon.com\/wp-content\/uploads\/2020\/01\/Picture1-1-320x202.png 320w, https:\/\/www.birlacarbon.com\/wp-content\/uploads\/2020\/01\/Picture1-1-700x441.png 700w\" sizes=\"(max-width: 320px) 100vw, 320px\" \/>\t\t\t<\/a>\n\t\t\t\t\t\t\t<\/div>\n<\/li>\n\t\t\t\n\t\t\t\n\t\t\t\t\t\t\t\t\t\t\t\t\t\t\t\t\t\t\t\t\t\t\t\t\t\t\t\t\t\t\t\t\t\t\t\t\t\t\t\t\t\t\t\t\t\t\t\t\t\t\t\t\t\t\t\t\t\t\t\t\t\t\t\t\t\t\t\t<\/ul>\n\t<\/div>\n\t<div class=\"fusion-post-content post-content\"><h2 class=\"blog-shortcode-post-title entry-title\"><a href=\"https:\/\/www.birlacarbon.com\/es\/feria-de-instituto-patrocinada-por-birla-carbon-italia-para-estudiantes-escolares\/\">Feria de instituto patrocinada por Birla Carbon Italia para estudiantes escolares<\/a><\/h2><span class=\"vcard\" style=\"display: none;\"><span class=\"fn\"><a href=\"https:\/\/www.birlacarbon.com\/es\/author\/manoj\/\" title=\"Entradas de Manoj Nair\" rel=\"author\">Manoj Nair<\/a><\/span><\/span><span class=\"updated\" style=\"display:none;\">2021-02-06T18:28:01+00:00<\/span><div class=\"fusion-post-content-container\"><p>Birla Carbon Italia patrocin\u00f3 y particip\u00f3 en una feria de instituto el 8-9 de noviembre de 2019 en Novara, Italia llamada - 'Wooooow 2019 \u2013 Yo y mi futuro'.<\/p><\/div><\/div><div class=\"fusion-clearfix\"><\/div><\/article>\n<article id=\"blog-1-post-5960\" class=\"fusion-post-medium-alternate post-5960 post type-post status-publish format-standard has-post-thumbnail hentry category-comunidades category-sustainability-updates-es\">\n<div class=\"fusion-date-and-formats\"><div class=\"fusion-date-box updated\"><span class=\"fusion-date\">23<\/span><span class=\"fusion-month-year\">Oct 2019<\/span><\/div><div class=\"fusion-format-box\"><i class=\"awb-icon-pen\" aria-hidden=\"true\"><\/i><\/div><\/div>\t<style type=\"text\/css\">\n\t\t\n\t\t\n\t\t\n\t\t\n\t\t\t<\/style>\n\n\n\t\t\t<div class=\"fusion-flexslider flexslider fusion-flexslider-loading fusion-post-slideshow\" style=\"\">\n\t\t<ul class=\"slides\">\n\t\t\t\n\t\t\t\t\t\t\t\t\t\t\t\t\t\t<li><div  class=\"fusion-image-wrapper fusion-image-size-fixed\" aria-haspopup=\"true\">\n\t\t\t\t\t\t\t<a href=\"https:\/\/www.birlacarbon.com\/es\/birla-carbon-espana-inauguro-una-biblioteca-escolar\/\" aria-label=\"Birla Carbon Espa\u00f1a inaugur\u00f3 una biblioteca escolar\">\n\t\t\t\t\t\t\t<img decoding=\"async\" width=\"320\" height=\"202\" src=\"https:\/\/www.birlacarbon.com\/wp-content\/uploads\/2019\/10\/Picture1-2-320x202.png\" class=\"attachment-blog-medium size-blog-medium wp-post-image\" alt=\"Birla Carbon Spain inaugurated a school library\" srcset=\"https:\/\/www.birlacarbon.com\/wp-content\/uploads\/2019\/10\/Picture1-2-200x125.png 200w, https:\/\/www.birlacarbon.com\/wp-content\/uploads\/2019\/10\/Picture1-2-320x202.png 320w, https:\/\/www.birlacarbon.com\/wp-content\/uploads\/2019\/10\/Picture1-2-700x441.png 700w\" sizes=\"(max-width: 320px) 100vw, 320px\" \/>\t\t\t<\/a>\n\t\t\t\t\t\t\t<\/div>\n<\/li>\n\t\t\t\n\t\t\t\n\t\t\t\t\t\t\t\t\t\t\t\t\t\t\t\t\t\t\t\t\t\t\t\t\t\t\t\t\t\t\t\t\t\t\t\t\t\t\t\t\t\t\t\t\t\t\t\t\t\t\t\t\t\t\t\t\t\t\t\t\t\t\t\t\t\t\t\t<\/ul>\n\t<\/div>\n\t<div class=\"fusion-post-content post-content\"><h2 class=\"blog-shortcode-post-title entry-title\"><a href=\"https:\/\/www.birlacarbon.com\/es\/birla-carbon-espana-inauguro-una-biblioteca-escolar\/\">Birla Carbon Espa\u00f1a inaugur\u00f3 una biblioteca escolar<\/a><\/h2><span class=\"vcard\" style=\"display: none;\"><span class=\"fn\"><a href=\"https:\/\/www.birlacarbon.com\/es\/author\/manoj\/\" title=\"Entradas de Manoj Nair\" rel=\"author\">Manoj Nair<\/a><\/span><\/span><span class=\"updated\" style=\"display:none;\">2021-02-06T18:28:02+00:00<\/span><div class=\"fusion-post-content-container\"><p>Para fomentar la educaci\u00f3n y el aprendizaje, Birla Carbon Espa\u00f1a (BCS) patrocin\u00f3 e inaugur\u00f3 el 19 de junio de 2019 una biblioteca especial en Marina de Cudeyo, Cantabria. [\u2026]<\/p><\/div><\/div><div class=\"fusion-clearfix\"><\/div><\/article>\n<article id=\"blog-1-post-5962\" class=\"fusion-post-medium-alternate post-5962 post type-post status-publish format-standard has-post-thumbnail hentry category-comunidades category-sustainability-updates-es\">\n<div class=\"fusion-date-and-formats\"><div class=\"fusion-date-box updated\"><span class=\"fusion-date\">23<\/span><span class=\"fusion-month-year\">Oct 2019<\/span><\/div><div class=\"fusion-format-box\"><i class=\"awb-icon-pen\" aria-hidden=\"true\"><\/i><\/div><\/div>\t<style type=\"text\/css\">\n\t\t\n\t\t\n\t\t\n\t\t\n\t\t\t<\/style>\n\n\n\t\t\t<div class=\"fusion-flexslider flexslider fusion-flexslider-loading fusion-post-slideshow\" style=\"\">\n\t\t<ul class=\"slides\">\n\t\t\t\n\t\t\t\t\t\t\t\t\t\t\t\t\t\t<li><div  class=\"fusion-image-wrapper fusion-image-size-fixed\" aria-haspopup=\"true\">\n\t\t\t\t\t\t\t<a href=\"https:\/\/www.birlacarbon.com\/es\/birla-carbon-egipto-concluyo-el-programa-educativo-de-verano-learn-por-segundo-ano-consecutivo\/\" aria-label=\"Birla Carbon Egipto concluy\u00f3 el programa educativo de verano \u2018LEARN\u2019 por segundo a\u00f1o consecutivo\">\n\t\t\t\t\t\t\t<img decoding=\"async\" width=\"320\" height=\"202\" src=\"https:\/\/www.birlacarbon.com\/wp-content\/uploads\/2019\/10\/Picture2-1-320x202.png\" class=\"attachment-blog-medium size-blog-medium wp-post-image\" alt=\"Birla Carbon Egypt concluded \u2018LEARN\u2019 summer educational program for the second consecutive year\" srcset=\"https:\/\/www.birlacarbon.com\/wp-content\/uploads\/2019\/10\/Picture2-1-320x202.png 320w, https:\/\/www.birlacarbon.com\/wp-content\/uploads\/2019\/10\/Picture2-1-700x441.png 700w\" sizes=\"(max-width: 320px) 100vw, 320px\" \/>\t\t\t<\/a>\n\t\t\t\t\t\t\t<\/div>\n<\/li>\n\t\t\t\n\t\t\t\n\t\t\t\t\t\t\t\t\t\t\t\t\t\t\t\t\t\t\t\t\t\t\t\t\t\t\t\t\t\t\t\t\t\t\t\t\t\t\t\t\t\t\t\t\t\t\t\t\t\t\t\t\t\t\t\t\t\t\t\t\t\t\t\t\t\t\t\t<\/ul>\n\t<\/div>\n\t<div class=\"fusion-post-content post-content\"><h2 class=\"blog-shortcode-post-title entry-title\"><a href=\"https:\/\/www.birlacarbon.com\/es\/birla-carbon-egipto-concluyo-el-programa-educativo-de-verano-learn-por-segundo-ano-consecutivo\/\">Birla Carbon Egipto concluy\u00f3 el programa educativo de verano \u2018LEARN\u2019 por segundo a\u00f1o consecutivo<\/a><\/h2><span class=\"vcard\" style=\"display: none;\"><span class=\"fn\"><a href=\"https:\/\/www.birlacarbon.com\/es\/author\/manoj\/\" title=\"Entradas de Manoj Nair\" rel=\"author\">Manoj Nair<\/a><\/span><\/span><span class=\"updated\" style=\"display:none;\">2021-02-06T18:28:03+00:00<\/span><div class=\"fusion-post-content-container\"><p>Birla Carbon Egipto (BCE) celebr\u00f3 la clausura del programa educativo 'LEARN' por segundo a\u00f1o consecutivo, el 14 de septiembre de 2019.  [\u2026]<\/p><\/div><\/div><div class=\"fusion-clearfix\"><\/div><\/article>\n<\/div><div class=\"fusion-infinite-scroll-trigger\"><\/div><div class=\"pagination infinite-scroll clearfix\" style=\"display:none;\"><span class=\"current\">1<\/span><a href=\"https:\/\/www.birlacarbon.com\/es\/wp-json\/wp\/v2\/pages\/4991\/page\/2\/\" class=\"inactive\">2<\/a><a class=\"pagination-next\" rel=\"next\" href=\"https:\/\/www.birlacarbon.com\/es\/wp-json\/wp\/v2\/pages\/4991\/page\/2\/\"><span class=\"page-text\">Next<\/span><span class=\"page-next\"><\/span><\/a><\/div><div class=\"fusion-clearfix\"><\/div><button class=\"fusion-load-more-button fusion-blog-button fusion-clearfix\">Cargar m\u00e1s post<\/button><\/div><div class=\"fusion-clearfix\"><\/div><\/div><\/div><\/div><\/div>\n","protected":false},"excerpt":{"rendered":"","protected":false},"author":10,"featured_media":0,"parent":0,"menu_order":2,"comment_status":"closed","ping_status":"closed","template":"","meta":{"_acf_changed":false,"_monsterinsights_skip_tracking":false,"_monsterinsights_sitenote_active":false,"_monsterinsights_sitenote_note":"","_monsterinsights_sitenote_category":0,"footnotes":""},"class_list":["post-4991","page","type-page","status-publish","hentry"],"acf":false,"yoast_head":"<!-- This site is optimized with the Yoast SEO plugin v27.4 - https:\/\/yoast.com\/product\/yoast-seo-wordpress\/ -->\n<title>COMUNIDADES - Birla Carbon - Spanish<\/title>\n<meta name=\"description\" content=\"Descubre c\u00f3mo Birla Carbon colabora con comunidades locales para un impacto positivo. Conoce nuestras iniciativas de responsabilidad social en acci\u00f3n hoy.\" \/>\n<meta name=\"robots\" content=\"index, follow, max-snippet:-1, max-image-preview:large, max-video-preview:-1\" \/>\n<link rel=\"canonical\" href=\"https:\/\/www.birlacarbon.com\/es\/comunidades\/\" \/>\n<meta property=\"og:locale\" content=\"es_ES\" \/>\n<meta property=\"og:type\" content=\"article\" \/>\n<meta property=\"og:title\" content=\"COMUNIDADES - Birla Carbon - Spanish\" \/>\n<meta property=\"og:description\" content=\"Descubre c\u00f3mo Birla Carbon colabora con comunidades locales para un impacto positivo. Conoce nuestras iniciativas de responsabilidad social en acci\u00f3n hoy.\" \/>\n<meta property=\"og:url\" content=\"https:\/\/www.birlacarbon.com\/es\/comunidades\/\" \/>\n<meta property=\"og:site_name\" content=\"Birla Carbon\" \/>\n<meta property=\"article:modified_time\" content=\"2024-05-23T15:47:42+00:00\" \/>\n<meta name=\"twitter:card\" content=\"summary_large_image\" \/>\n<meta name=\"twitter:label1\" content=\"Tiempo de lectura\" \/>\n\t<meta name=\"twitter:data1\" content=\"3 minutos\" \/>\n<!-- \/ Yoast SEO plugin. -->","yoast_head_json":{"title":"COMUNIDADES - Birla Carbon - Spanish","description":"Descubre c\u00f3mo Birla Carbon colabora con comunidades locales para un impacto positivo. Conoce nuestras iniciativas de responsabilidad social en acci\u00f3n hoy.","robots":{"index":"index","follow":"follow","max-snippet":"max-snippet:-1","max-image-preview":"max-image-preview:large","max-video-preview":"max-video-preview:-1"},"canonical":"https:\/\/www.birlacarbon.com\/es\/comunidades\/","og_locale":"es_ES","og_type":"article","og_title":"COMUNIDADES - Birla Carbon - Spanish","og_description":"Descubre c\u00f3mo Birla Carbon colabora con comunidades locales para un impacto positivo. Conoce nuestras iniciativas de responsabilidad social en acci\u00f3n hoy.","og_url":"https:\/\/www.birlacarbon.com\/es\/comunidades\/","og_site_name":"Birla Carbon","article_modified_time":"2024-05-23T15:47:42+00:00","twitter_card":"summary_large_image","twitter_misc":{"Tiempo de lectura":"3 minutos"},"schema":{"@context":"https:\/\/schema.org","@graph":[{"@type":"WebPage","@id":"https:\/\/www.birlacarbon.com\/es\/comunidades\/","url":"https:\/\/www.birlacarbon.com\/es\/comunidades\/","name":"COMUNIDADES - Birla Carbon - Spanish","isPartOf":{"@id":"https:\/\/www.birlacarbon.com\/es\/#website"},"datePublished":"2019-01-31T17:34:29+00:00","dateModified":"2024-05-23T15:47:42+00:00","description":"Descubre c\u00f3mo Birla Carbon colabora con comunidades locales para un impacto positivo. Conoce nuestras iniciativas de responsabilidad social en acci\u00f3n hoy.","breadcrumb":{"@id":"https:\/\/www.birlacarbon.com\/es\/comunidades\/#breadcrumb"},"inLanguage":"es","potentialAction":[{"@type":"ReadAction","target":["https:\/\/www.birlacarbon.com\/es\/comunidades\/"]}]},{"@type":"BreadcrumbList","@id":"https:\/\/www.birlacarbon.com\/es\/comunidades\/#breadcrumb","itemListElement":[{"@type":"ListItem","position":1,"name":"Home","item":"https:\/\/www.birlacarbon.com\/es\/"},{"@type":"ListItem","position":2,"name":"COMUNIDADES"}]},{"@type":"WebSite","@id":"https:\/\/www.birlacarbon.com\/es\/#website","url":"https:\/\/www.birlacarbon.com\/es\/","name":"Birla Carbon","description":"Birla Carbon","publisher":{"@id":"https:\/\/www.birlacarbon.com\/es\/#organization"},"potentialAction":[{"@type":"SearchAction","target":{"@type":"EntryPoint","urlTemplate":"https:\/\/www.birlacarbon.com\/es\/?s={search_term_string}"},"query-input":{"@type":"PropertyValueSpecification","valueRequired":true,"valueName":"search_term_string"}}],"inLanguage":"es"},{"@type":"Organization","@id":"https:\/\/www.birlacarbon.com\/es\/#organization","name":"Birla Carbon","url":"https:\/\/www.birlacarbon.com\/es\/","logo":{"@type":"ImageObject","inLanguage":"es","@id":"https:\/\/www.birlacarbon.com\/es\/#\/schema\/logo\/image\/","url":"https:\/\/www.birlacarbon.com\/wp-content\/uploads\/2017\/01\/aditya-birla-logo-retina.png","contentUrl":"https:\/\/www.birlacarbon.com\/wp-content\/uploads\/2017\/01\/aditya-birla-logo-retina.png","width":190,"height":182,"caption":"Birla Carbon"},"image":{"@id":"https:\/\/www.birlacarbon.com\/es\/#\/schema\/logo\/image\/"}}]}},"_links":{"self":[{"href":"https:\/\/www.birlacarbon.com\/es\/wp-json\/wp\/v2\/pages\/4991","targetHints":{"allow":["GET"]}}],"collection":[{"href":"https:\/\/www.birlacarbon.com\/es\/wp-json\/wp\/v2\/pages"}],"about":[{"href":"https:\/\/www.birlacarbon.com\/es\/wp-json\/wp\/v2\/types\/page"}],"author":[{"embeddable":true,"href":"https:\/\/www.birlacarbon.com\/es\/wp-json\/wp\/v2\/users\/10"}],"replies":[{"embeddable":true,"href":"https:\/\/www.birlacarbon.com\/es\/wp-json\/wp\/v2\/comments?post=4991"}],"version-history":[{"count":0,"href":"https:\/\/www.birlacarbon.com\/es\/wp-json\/wp\/v2\/pages\/4991\/revisions"}],"wp:attachment":[{"href":"https:\/\/www.birlacarbon.com\/es\/wp-json\/wp\/v2\/media?parent=4991"}],"curies":[{"name":"wp","href":"https:\/\/api.w.org\/{rel}","templated":true}]}}