{"id":5103,"date":"2019-03-08T18:46:33","date_gmt":"2019-03-08T18:46:33","guid":{"rendered":"https:\/\/birlacarbon.com\/?page_id=5103"},"modified":"2025-09-16T13:01:50","modified_gmt":"2025-09-16T13:01:50","slug":"eventos-pasados","status":"publish","type":"page","link":"https:\/\/www.birlacarbon.com\/es\/eventos-pasados\/","title":{"rendered":"EVENTOS PASADOS"},"content":{"rendered":"<div class=\"fusion-fullwidth fullwidth-box fusion-builder-row-1 nonhundred-percent-fullwidth non-hundred-percent-height-scrolling cb-interior-main\" style=\"--awb-border-sizes-top:0px;--awb-border-sizes-bottom:0px;--awb-border-sizes-left:0px;--awb-border-sizes-right:0px;--awb-border-radius-top-left:0px;--awb-border-radius-top-right:0px;--awb-border-radius-bottom-right:0px;--awb-border-radius-bottom-left:0px;--awb-padding-top:5%;--awb-padding-right:5%;--awb-padding-bottom:2%;--awb-padding-left:5%;--awb-flex-wrap:wrap;\" ><div class=\"fusion-builder-row fusion-row\"><div class=\"fusion-layout-column fusion_builder_column fusion-builder-column-0 fusion_builder_column_2_3 2_3 fusion-two-third fusion-column-first\" style=\"--awb-padding-top:100px;--awb-padding-right:20px;--awb-padding-bottom:40px;--awb-padding-left:0px;--awb-bg-size:cover;width:65.3333%; margin-right: 4%;\"><div class=\"fusion-column-wrapper fusion-flex-column-wrapper-legacy\"><div class=\"fusion-title title fusion-title-1 fusion-sep-none fusion-title-text fusion-title-size-one\" style=\"--awb-margin-bottom:20px;--awb-margin-top-small:0px;--awb-margin-right-small:0px;--awb-margin-bottom-small:20px;--awb-margin-left-small:0px;\"><h1 class=\"fusion-title-heading title-heading-left fusion-responsive-typography-calculated\" style=\"margin:0;--fontSize:60;line-height:1.25;\">NOTICIAS Y EVENTOS<\/h1><\/div><div class=\"fusion-text fusion-text-1\"><div class=\"cb-super-text\">EVENTOS PASADOS<\/div>\n<\/div><div class=\"fusion-clearfix\"><\/div><\/div><\/div><div class=\"fusion-layout-column fusion_builder_column fusion-builder-column-1 fusion_builder_column_1_1 1_1 fusion-one-full fusion-column-last press-col\" style=\"--awb-bg-size:cover;\"><div class=\"fusion-column-wrapper fusion-flex-column-wrapper-legacy\"><div class=\"fusion-text fusion-text-2\" style=\"--awb-text-transform:none;\"><div id=\"showevents\">\n<h3><a href=\"https:\/\/www.advancedautobat.com\/europe\" target=\"_blank\" rel=\"noopener\">AABC Europe<\/a><\/h3>\n<p><strong>23 &#8211; 26 de junio de 2025 | Mainz, Alemania<\/strong><\/p>\n<ul>\n<li>Puesto: 704<\/li>\n<li>Birla Carbon expondr\u00e1 sus soluciones de grafito, Conductex y CNT en el evento AABC Europe<\/li>\n<li><a href=\"https:\/\/www.advancedautobat.com\/europe\" target=\"_blank\" rel=\"noopener\">https:\/\/www.advancedautobat.com\/europe<\/a><\/li>\n<\/ul>\n<hr \/>\n<h3><a href=\"https:\/\/www.plastics-rubber.es\/en\/\" target=\"_blank\" rel=\"noopener\">Plastics &amp; Rubber Fair 2025<\/a><\/h3>\n<p><strong>12 &#8211; 13 de marzo de 2025 | Barcelona, Espa\u00f1a<\/strong><\/p>\n<ul>\n<li>Birla Carbon participar\u00e1 en el evento. M\u00e1s detalles disponiblesen breve.<\/li>\n<li><a href=\"https:\/\/www.plastics-rubber.es\/en\/\" target=\"_blank\" rel=\"noopener\">Home &#8211; Plastics &amp; Rubber (plastics-rubber.es)<\/a><\/li>\n<\/ul>\n<hr \/>\n<h3><a href=\"https:\/\/www.chinacoat.net\/?route=homepage&amp;lang=2\" target=\"_blank\" rel=\"noopener\">China Coat<\/a><\/h3>\n<p><strong>3-5 de diciembre de 2024 | Guangzhou, China<\/strong><\/p>\n<ul>\n<li>Birla Carbon participar\u00e1 en el evento.<\/li>\n<li><a href=\"https:\/\/www.chinacoat.net\/?route=homepage&amp;lang=2\" target=\"_blank\" rel=\"noopener\">https:\/\/www.chinacoat.net\/?route=homepage&amp;lang=2<\/a><\/li>\n<\/ul>\n<hr \/>\n<h3><a href=\"https:\/\/www.carbonblackworld.com\/recovered-carbon-black\" target=\"_blank\" rel=\"noopener\">Recovered Carbon Black Europe<\/a><\/h3>\n<p><strong>Del 5 al 6 de noviembre de 2024 | Amsterdam, Pa\u00edses Bajos<\/strong><\/p>\n<ul>\n<li>Recovered Carbon Black Europe &#8211; El foro l\u00edder para la cadena de suministro del Negro de carbono recuperado (carbonblackworld.com)<\/li>\n<li><a href=\"https:\/\/www.carbonblackworld.com\/recovered-carbon-black\" target=\"_blank\" rel=\"noopener\">https:\/\/www.carbonblackworld.com\/recovered-carbon-black<\/a><\/li>\n<\/ul>\n<hr \/>\n<h3><a href=\"https:\/\/www.thebatteryshow.com\/en\/home.html\" target=\"_blank\" rel=\"noopener\">The Battery Show<\/a><\/h3>\n<p><strong>7-10 octubre 2024 | Huntington Place Detroit, EE.UU.<\/strong><\/p>\n<ul>\n<li>Birla Carbon participar\u00e1 en el evento.<\/li>\n<li><a href=\"https:\/\/www.thebatteryshow.com\/en\/home.html\" target=\"_blank\" rel=\"noopener\">https:\/\/www.thebatteryshow.com\/en\/home.html<\/a><\/li>\n<\/ul>\n<hr \/>\n<h3><a href=\"https:\/\/www.fakuma-messe.de\/en\/\" target=\"_blank\" rel=\"noopener\">Fakuma<\/a><\/h3>\n<p><strong>15-19 octubre 2024 | Guangzhou, China<\/strong><\/p>\n<ul>\n<li>Birla Carbon participar\u00e1 en el evento.<\/li>\n<li><a href=\"https:\/\/www.fakuma-messe.de\/en\/\" target=\"_blank\" rel=\"noopener\">https:\/\/www.fakuma-messe.de\/en\/<\/a><\/li>\n<\/ul>\n<hr \/>\n<h3><a href=\"https:\/\/auto-tpo.com\/\" target=\"_blank\" rel=\"noopener\">SPE &#8211; TPO en Automoci\u00f3n \u00a0<\/a><\/h3>\n<p><strong>29 septiembre-2 octubre 2024 | Detroit, EE.UU.<\/strong><\/p>\n<ul>\n<li>Birla Carbon presentar\u00e1 una ponencia sobre \u00abHigh-Performance Piano Black for Automotive Application\u00bb.<\/li>\n<li><a href=\"https:\/\/auto-tpo.com\/\" target=\"_blank\" rel=\"noopener\">https:\/\/auto-tpo.com\/<\/a><\/li>\n<\/ul>\n<hr \/>\n<h3><a href=\"https:\/\/www.smithers.com\/services\/events\/2024-conferences\/recovered-carbon-black-asia-2024\" target=\"_blank\" rel=\"noopener\">Recovered Carbon Black Asia 2024<\/a><\/h3>\n<p><strong>24 &#8211; 25 de septiembre de 2024 | Qingdao, China<\/strong><\/p>\n<ul>\n<li>Birla Carbon participar\u00e1 en el evento. M\u00e1s detalles en breve.<\/li>\n<li><a href=\"https:\/\/www.smithers.com\/services\/events\/2024-conferences\/recovered-carbon-black-asia-2024\" target=\"_blank\" rel=\"noopener\">https:\/\/www.smithers.com\/services\/events\/2024-conferences\/recovered-carbon-black-asia-2024<\/a><\/li>\n<\/ul>\n<hr \/>\n<h3><a href=\"https:\/\/en.rubbertech-expo.com\/\" target=\"_blank\" rel=\"noopener\">China Rubber Tech<\/a><\/h3>\n<p><strong>19-21 septiembre 2024 | Shanghai, China<\/strong><\/p>\n<ul>\n<li>Birla Carbon participar\u00e1 en el evento<\/li>\n<li><a href=\"https:\/\/en.rubbertech-expo.com\/\" target=\"_blank\" rel=\"noopener\">https:\/\/en.rubbertech-expo.com\/<\/a><\/li>\n<\/ul>\n<hr \/>\n<h3><a href=\"https:\/\/rubberworld.com\/event\/2024-international-elastomer-conference\/\" target=\"_blank\" rel=\"noopener\">IEC<\/a><\/h3>\n<p><strong>9-12 septiembre 2024 | Pittsburgh, EE.UU<\/strong><\/p>\n<ul>\n<li>Birla Carbon participar\u00e1 en IEC.<\/li>\n<li><a href=\"https:\/\/rubberworld.com\/event\/2024-international-elastomer-conference\/\" target=\"_blank\" rel=\"noopener\">https:\/\/rubberworld.com\/event\/2024-international-elastomer-conference\/<\/a><\/li>\n<\/ul>\n<hr \/>\n<h3><a href=\"https:\/\/www.nanokorea-sympo.or.kr\/\" target=\"_blank\" rel=\"noopener\">Nano Korea 2024<\/a><\/h3>\n<p><strong>July 3 \u2013 5, 2024 | KINTEX, Korea<\/strong><\/p>\n<ul>\n<li>Birla Caron is participating at Nano Korea 2024.<\/li>\n<li><a href=\"https:\/\/www.nanokorea-sympo.or.kr\/\" target=\"_blank\" rel=\"noopener\">NANO KOREA 2024 (nanokorea-sympo.or.kr)<\/a><\/li>\n<\/ul>\n<hr \/>\n<h3><a href=\"https:\/\/dkt2024.de\/?lang=en\" target=\"_blank\" rel=\"noopener\">DKT 2024<\/a><\/h3>\n<p><strong>1-4 de julio de 2024 | N\u00faremberg, Alemania<\/strong><\/p>\n<ul>\n<li>Birla Carbon expondr\u00e1 sus soluciones en la Sala 9 Puesto 307<\/li>\n<li><a href=\"https:\/\/dkt2024.de\/?lang=en\" target=\"_blank\" rel=\"noopener\">DKT 2024 &#8211; German Rubber Conference 2024<\/a><\/li>\n<\/ul>\n<hr \/>\n<h3><a href=\"https:\/\/expobor.com.br\/en\/\" target=\"_blank\" rel=\"noopener\">Expobor 2024<\/a><\/h3>\n<p><strong>26 &#8211; 28 de junio de 2024 | Expo Center Norte, Sao Paulo, Brasil <\/strong><\/p>\n<ul>\n<li><a href=\"https:\/\/expobor.com.br\/en\/\" target=\"_blank\" rel=\"noopener\">Birla Carbon est\u00e1 exhibiendo en el Stand 1D0201<\/a><\/li>\n<\/ul>\n<hr \/>\n<h3><a href=\"https:\/\/www.thebatteryshow.eu\/en\/Home.html\" target=\"_blank\" rel=\"noopener\">Feria de Bater\u00eda de Europa 2024<\/a><\/h3>\n<p><strong>Del 18 al 20 de junio de 2024 | Messe Stuttgart, Stuttgart, Alemania<\/strong><\/p>\n<ul>\n<li>Birla Carbon expondr\u00e1 en la Sala 6 Puesto E79 en el evento<\/li>\n<li><a href=\"https:\/\/www.thebatteryshow.eu\/en\/Home.html\" target=\"_blank\" rel=\"noopener\">The Battery Show Europe | 18-20 June, 2024<\/a><\/li>\n<\/ul>\n<hr \/>\n<h3><a href=\"https:\/\/www.chinaplasonline.com\/\" target=\"_blank\" rel=\"noopener\">NPE2024<\/a><\/h3>\n<p><strong>Mayo 6 \u2013 10, 2024 | Centro de Convenciones Orange County en Orlando, Florida, Estados Unidos<\/strong><\/p>\n<ul>\n<li>Birla Carbon participa en la NPE2024 en la Caseta 28209S<br \/>\nAlgunas de las soluciones exhibidas son \u2013<\/p>\n<ul>\n<li>Raven 5100, Raven 2350, Raven 2800, Raven 2900, Raven 3000, y Continua\u2122 SCM<\/li>\n<li>Serie Conductex para Alambre y Cable y ESD\/Conductor<\/li>\n<li>Nanocyl, una marca Birla Carbon Brand de Nanotubos de Carb\u00f3n Multipared (MWCNT) a trav\u00e9s de la soluci\u00f3n NC7000\u2122<\/li>\n<\/ul>\n<\/li>\n<li>To learn more, click &#8211; <a href=\"https:\/\/npe.org\/\" target=\"_blank\" rel=\"noopener\">NPE 2024<\/a><\/li>\n<\/ul>\n<hr \/>\n<h3><a href=\"https:\/\/american-coatings-show.com\/\" target=\"_blank\" rel=\"noopener\">Feria Americana de los Recubrimientos<\/a><\/h3>\n<p><strong>30 Abril al 2 de Mayo 2024 | Centro de Convenciones de Indiana, Indianopolis, Estados Unidos<\/strong><\/p>\n<ul>\n<li>Birla Carbon participa en la ACS en la caseta 1648<br \/>\nAlgunas de las soluciones exhibidas son \u2013<\/p>\n<ul>\n<li>Continua\u2122 8510P SCM y 8000 SCM<\/li>\n<li>Raven 3500, 5000 Ultra II de la serie 5100 Ultra<\/li>\n<li>Nanocyl brand of Multiwall Carbon Nanotubes (MWCNT) a trav\u00e9s de NC7000\u2122<\/li>\n<li>The Conductex e gama de soluciones<\/li>\n<\/ul>\n<\/li>\n<li><a href=\"https:\/\/american-coatings-show.com\/\" target=\"_blank\" rel=\"noopener\">Muestra de Revestimientos Americanos 2024<\/a><\/li>\n<\/ul>\n<hr \/>\n<h3><a href=\"https:\/\/www.chinaplasonline.com\/\" target=\"_blank\" rel=\"noopener\">Chinaplas 2024<\/a><\/h3>\n<p><strong>Del 23 al 26 de abril de 2024 | Centro Nacional de Exposiciones y Convenciones (NECC), Hongqiao, Shangh\u00e1i, Rep\u00fablica Popular China<\/strong><\/p>\n<ul>\n<li>Birla Carbon expondr\u00e1 en el Pabell\u00f3n 8.2, Stand F53.<br \/>\nAlgunas de las soluciones en exhibici\u00f3n son:<\/p>\n<ul>\n<li>Raven 5100<\/li>\n<li>Raven 2350<\/li>\n<li>Continua\u2122 SCM<\/li>\n<li>MWCNT &#8211; Nanotubos de carbono de m\u00faltiples capas.<\/li>\n<li>NC7000\u2122 y PLASTICYL\u2122<\/li>\n<\/ul>\n<\/li>\n<li>Para m\u00e1s informaci\u00f3n, haga clic &#8211; <a href=\"https:\/\/www.chinaplasonline.com\/\">Inicio: 36.\u00aa Exposici\u00f3n Internacional de las Industrias del Pl\u00e1stico y el Caucho (chinaplasonline.com)<\/a><\/li>\n<\/ul>\n<hr \/>\n<h3><a href=\"https:\/\/www.tiretechnology-expo.com\/en\/\" target=\"_blank\" rel=\"noopener\">TireTech 2024<\/a><\/h3>\n<p><strong>19-21 de marzo, 2024<br \/>\nLugar: Hannover, Alemania<br \/>\n<\/strong><\/p>\n<ul>\n<li>Birla Carbon exhibir\u00e1 en TireTech 2024<\/li>\n<li>Se har\u00e1n presentaciones sobre negro carbono continua de muy alta estructura<\/li>\n<li>Para mayor informaci\u00f3n, haga clic &#8211; <a href=\"https:\/\/www.tiretechnology-expo.com\/en\/\" target=\"_blank\" rel=\"noopener\">Tire Technology Expo 2024 (tiretechnology-expo.com)<\/a><\/li>\n<\/ul>\n<hr \/>\n<h3><a href=\"https:\/\/www.paintindia.in\/\" target=\"_blank\" rel=\"noopener\">PaintIndia 2024<\/a><\/h3>\n<p><strong>22-24 de febrero 2024 | Centro Bombay Exhibition, Mumbai<\/strong><\/p>\n<ul>\n<li>Birla Carbon participar\u00e1 en la edici\u00f3n de PaintIndia 2024<\/li>\n<li>Para mayor informaci\u00f3n, haga clic &#8211; <a href=\"https:\/\/www.paintindia.in\/\" target=\"_blank\" rel=\"noopener\">Sede | Paint India<\/a><\/li>\n<\/ul>\n<hr \/>\n<h3><a href=\"https:\/\/www.plastivision.org\/index.php\" target=\"_blank\" rel=\"noopener\">Plastivisi\u00f3n India<\/a><\/h3>\n<p><strong>7-11 de Diciembre, 2023<br \/>\nCentro de Exposiciones de Bombay, Goregaon, Mumbai<\/strong><\/p>\n<ul>\n<li>Birla Carbon exhibe en Plastivisi\u00f3n India.<\/li>\n<li><a href=\"https:\/\/www.plastivision.org\/index.php\" target=\"_blank\" rel=\"noopener\">Muestra de pl\u00e1sticos internacional del 7 al 11 de diciembre de 2023, Mumbai \u2013 Plastivisi\u00f3n<\/a><\/li>\n<\/ul>\n<h3><a href=\"https:\/\/home.abrafatishow.com.br\/index.php\/home_eng\/\" target=\"_blank\" rel=\"noopener\">Congreso ABRAFATI<\/a><\/h3>\n<p><strong>del 21 al 23 de noviembre de 2023, S\u00e3o Paulo Expo | S\u00e3o Paulo, Brasil.<\/strong><\/p>\n<ul>\n<li>Pabell\u00f3n No. E09<\/li>\n<li>Birla Carbon expondr\u00e1 sus soluciones Powder Coatings &amp; Continua\u2122 SCM<\/li>\n<li><a href=\"https:\/\/home.abrafatishow.com.br\/index.php\/home_eng\/\" target=\"_blank\" rel=\"noopener\">https:\/\/home.abrafatishow.com.br\/index.php\/home_eng\/<\/a><\/li>\n<\/ul>\n<hr \/>\n<h3><a href=\"https:\/\/westerncoatings.org\/\" target=\"_blank\" rel=\"noopener\">Simposio Western Coatings<\/a><\/h3>\n<p><strong>Del 15 al 18 de octubre de 2023, Sala de exposiciones, Hotel Paris, Las Vegas, NV<\/strong><\/p>\n<ul>\n<li>N\u00famero de stand &#8211; 328<\/li>\n<li><a href=\"https:\/\/westerncoatings.org\/\" target=\"_blank\" rel=\"noopener\"> Inicio \u2013 Western Coating Societies<\/a><\/li>\n<\/ul>\n<hr \/>\n<h3><a href=\"https:\/\/iec2023.events.rubber.org\/\" target=\"_blank\" rel=\"noopener\">Conferencia Internacional de Elast\u00f3meros (CIE)<\/a><\/h3>\n<p><strong>Del 16 al 19 de octubre de 2023, Huntington Convention Center, Cleveland, Ohio<\/strong><\/p>\n<ul>\n<li>N\u00famero de stand &#8211; 271<\/li>\n<li>El 17 de octubre, la Dra. Natalie Harris presentar\u00e1 \u00abLos atributos de circularidad y rendimiento del material carbonoso sostenible de Continua\u2122\u00bb.<\/li>\n<li>El 17 de octubre, el Dr. Lewis Tunnicliffe presentar\u00e1 \u00abNegros de carbono de muy alta estructura para abordar los retos del rendimiento de los compuestos de bandas de rodadura\u00bb.<\/li>\n<li><a href=\"https:\/\/iec2023.events.rubber.org\/\" target=\"_blank\" rel=\"noopener\">2023 Conferencia Internacional sobre Elast\u00f3meros (rubber.org)<\/a><\/li>\n<\/ul>\n<hr \/>\n<h3><a href=\"https:\/\/www.pacific-coatings-show.com\/conference-programme\" target=\"_blank\" rel=\"noopener\">Pacific Coatings Show<\/a><\/h3>\n<p><strong>18 &#8211; 20 de octubre de 2023, Exposici\u00f3n Internacional de Yakarta, Indonesia<\/strong><\/p>\n<ul>\n<li>Krishnamoorthy Ramakrishnan, de Birla Carbon Thailand, presentar\u00e1 el 18 de octubre el tema \u00abFormulaci\u00f3n de una base de tinte sostenible a base de agua\u00bb.<\/li>\n<li>Palad Sopanakijkosol, de Birla Carbon Thailand, presentar\u00e1 el 19 de octubre el tema \u00abDesarrollo de una formulaci\u00f3n sostenible para el recubrimiento en polvo\u00bb.<\/li>\n<li>Para m\u00e1s informaci\u00f3n, visite <a href=\"https:\/\/www.pacific-coatings-show.com\/conference-programme\" target=\"_blank\" rel=\"noopener\">Pacific Coatings Show (pacific-coatings-show.com)<\/a><\/li>\n<\/ul>\n<hr \/>\n<h3><a href=\"https:\/\/www.cares-sustainableforum.com\/2023-cares-na-program\/\" target=\"_blank\" rel=\"noopener\">Cares: Futuro del making<br \/>\n2y foro en Am\u00e9rica del Norte<\/a><\/h3>\n<p><strong>Del 19 al 20 de octubre de 2023, Detroit, MI<\/strong><\/p>\n<ul>\n<li>Jerry Lai y Alessandro Vulcano, de Birla Carbon, presentar\u00e1n el viernes 20 de octubre de 2023 el tema \u00abMaterial carbonoso sostenible como pigmento para aplicaciones de revestimiento\u00bb.<\/li>\n<li><a href=\"https:\/\/www.cares-sustainableforum.com\/2023-cares-na-program\/\" target=\"_blank\" rel=\"noopener\">Programa para Estados Unidos 2023 &#8211; Foro Cares Sustainable (cares-sustainableforum.com)<\/a><\/li>\n<\/ul>\n<\/div>\n<hr \/>\n<h3><a href=\"https:\/\/www.thebatteryshow.com\/en\/home.html\" target=\"_blank\" rel=\"noopener\">La Feria de la Bater\u00eda de Norteam\u00e9rica 2023<\/a><\/h3>\n<p><strong>Del 12 al 14 de septiembre de 2023<br \/>\nCentro suburbano de organizaci\u00f3n de exhibiciones, Novi, Michigan, EE. UU.<br \/>\n<\/strong><\/p>\n<ul>\n<li>Birla Carbon exhibe sus productos en el stand 2165.0<\/li>\n<li>Venga, acomp\u00e1\u00f1enos en el mayor evento dedicado a los sectores de bater\u00edas y veh\u00edculos el\u00e9ctricos<\/li>\n<li><a href=\"https:\/\/www.thebatteryshow.com\/en\/home.html\" target=\"_blank\" rel=\"noopener\">https:\/\/www.thebatteryshow.com\/en\/home.html<\/a><\/li>\n<\/ul>\n<hr \/>\n<h3><a href=\"https:\/\/www.pcimag.com\/coatings-conference\/agenda\" target=\"_blank\" rel=\"noopener\">Tendencias y tecnolog\u00eda de recubrimientos y Cumbre de recubrimientos en polvo<\/a><\/h3>\n<p><strong>Del 6 al 8 de septiembre de 2023, The Westin Lombard, IL, Chicago<\/strong><\/p>\n<ul>\n<li>Richard Abbott y Kris Wright de Birla Carbon presentar\u00e1n sus ponencias durante la conferencia.<\/li>\n<li><a href=\"https:\/\/www.pcimag.com\/coatings-conference\/agenda\" target=\"_blank\" rel=\"noopener\">https:\/\/www.pcimag.com\/coatings-conference\/agenda<\/a><\/li>\n<\/ul>\n<hr \/>\n<h3><a href=\"https:\/\/en.rubbertech-expo.com\/rubber-show\" target=\"_blank\" rel=\"noopener\">RubberTech China 2023<\/a><\/h3>\n<p><strong>Del 4 al 6 de septiembre de 2023, Nuevo centro internacional de exposiciones de Shangh\u00e1i, Shangh\u00e1i, China<\/strong><\/p>\n<ul>\n<li>Birla Carbon participar\u00e1 en RubberTech China 2023<\/li>\n<li><a href=\"https:\/\/en.rubbertech-expo.com\/rubber-show\" target=\"_blank\" rel=\"noopener\">Acerca de RubberTech China,Exposici\u00f3n Internacional del Caucho, feria de neum\u00e1ticos para pl\u00e1stico y caucho, silicona china. | Exposici\u00f3n sobre neum\u00e1ticos 2022 (rubbertech-expo.com)<\/a><\/li>\n<\/ul>\n<hr \/>\n<h3><a href=\"https:\/\/www.adhesivesandbondingexpo.com\/conference\/conference-agenda?session-id=a4Y4V000000M0Yi\" target=\"_blank\" rel=\"noopener\">Adhesives &amp; Bonding Expo<\/a><\/h3>\n<p><strong>20 al 22 de junio de 2023: Suburban Collection Showplace, Novi, Michigan, EE. UU.<\/strong><\/p>\n<ul>\n<li>Reuben Correia de Birla Carbon presenta \u00abLa sostenibilidad en primer plano: Optimizaci\u00f3n de Adhesivos y su Proceso de Producci\u00f3n para Reducir la Huella de Carbono\u201d<\/li>\n<li><a href=\"https:\/\/www.adhesivesandbondingexpo.com\/conference\/conference-agenda?session-id=a4Y4V000000M0Yi\" target=\"_blank\" rel=\"noopener\">Adhesives &amp; Bonding Expo 2023 | Agenda de la conferencia (adhesivesandbondingexpo.com)<\/a><\/li>\n<\/ul>\n<hr \/>\n<h3><a href=\"https:\/\/www.ami-events.com\/event\/09f9f89b-cea4-4701-876a-dcd516fca230\/websitePage:4a9f1ae7-fd5e-40ea-a47b-8748de11f650\" target=\"_blank\" rel=\"noopener\">Pol\u00edmeros en Cables<\/a><\/h3>\n<p><strong>20 y 21 de junio de 2023 \u2013 Filadelfia, Pensilvania, EE. UU.<\/strong><\/p>\n<ul>\n<li>Natalie Harris y Jerry Lai presentar\u00e1n un art\u00edculo sobre Dise\u00f1o de negro de humo para aplicaci\u00f3n de cables<\/li>\n<li><a href=\"https:\/\/www.ami-events.com\/event\/09f9f89b-cea4-4701-876a-dcd516fca230\/websitePage:4a9f1ae7-fd5e-40ea-a47b-8748de11f650\" target=\"_blank\" rel=\"noopener\">Altavoces \u2013 Pol\u00edmeros en Cables (ami-events.com)<\/a><\/li>\n<li><a href=\"https:\/\/www.ami-events.com\/event\/09f9f89b-cea4-4701-876a-dcd516fca230\/summary\" target=\"_blank\" rel=\"noopener\">Inicio \u2013 Pol\u00edmeros en Cables (ami-events.com)<\/a><\/li>\n<\/ul>\n<hr \/>\n<h3><a href=\"https:\/\/www.thebatteryshow.eu\/en\/Home.html\" target=\"_blank\" rel=\"noopener\">Feria de Bater\u00eda de Europa<\/a><\/h3>\n<p><strong>Del 23 al 25 de mayo de 2023, Messe Stuttgart, Alemania<\/strong><\/p>\n<ul>\n<li>Birla Carbon exhibir\u00e1 soluciones de sistemas energ\u00e9ticos en el evento.<\/li>\n<li><a href=\"https:\/\/www.thebatteryshow.eu\/en\/Home.html\">Feria de Bater\u00eda de Europa <\/a><\/li>\n<\/ul>\n<hr \/>\n<h3><a href=\"https:\/\/easterncoatingsshow.com\/\" target=\"_blank\" rel=\"noopener\">Feria de Revestimientos del Este<\/a><\/h3>\n<p><strong>Del 16 al 18 de mayo de 2023, Atlantic City, NJ EE. UU.\u00a0<\/strong><\/p>\n<ul>\n<li>Birla Carbon participar\u00e1 en la ECS.<\/li>\n<li><a href=\"https:\/\/easterncoatingsshow.com\/\" target=\"_blank\" rel=\"noopener\">Easterncoatingsshow.com<\/a><\/li>\n<\/ul>\n<hr \/>\n<h3><a href=\"https:\/\/www.ami-events.com\/event\/94f117ef-5c63-45dd-a387-85c9747f104d\/summary?RefId=Website_AMI\" target=\"_blank\" rel=\"noopener\">Cargas Funcionales <\/a><\/h3>\n<p><strong>Del 16 al 17 de mayo de 2023, Philadelphia, EE. UU.\u00a0<\/strong><\/p>\n<ul>\n<li>Natalie Harris de Birla Carbon realizar\u00e1 una presentaci\u00f3n sobre Continua\u2122 SCM y sustentabilidad en el evento.<\/li>\n<li><a href=\"https:\/\/www.ami-events.com\/event\/94f117ef-5c63-45dd-a387-85c9747f104d\/summary?RefId=Website_AMI\" target=\"_blank\" rel=\"noopener\">Inicio \u2013 Cargas funcionales (ami-events.com)<\/a><\/li>\n<\/ul>\n<hr \/>\n<h3><a href=\"https:\/\/www.iom3.org\/events-awards\/rubbercon-2023.html\" target=\"_blank\" rel=\"noopener\">RubberCon 2023<\/a><\/h3>\n<p><strong>Del 9 al 11 de mayo de 2023<\/strong><br \/>\nCentro de Conferencias John McIntyre, Universidad de Edimburgo<\/p>\n<ul>\n<li>Birla Carbon va a participar en RubberCon 2023. Se dar\u00e1n m\u00e1s detalles pr\u00f3ximamente.<\/li>\n<li><a href=\"https:\/\/www.iom3.org\/events-awards\/rubbercon-2023.html\" target=\"_blank\" rel=\"noopener\">IOM3 | RubberCon 2023<\/a><\/li>\n<\/ul>\n<hr \/>\n<h3><a href=\"https:\/\/www.chinaplasonline.com\/CPS23\/idx\/eng\" target=\"_blank\" rel=\"noopener\">Chinaplas<\/a><\/h3>\n<p><strong>Del 17 al 20 de abril de 2023, China<br \/>\n<\/strong><\/p>\n<ul>\n<li>Birla Carbon participar\u00e1 en Chinaplas. Se dar\u00e1n m\u00e1s detalles pr\u00f3ximamente.<\/li>\n<li><a href=\"https:\/\/www.chinaplasonline.com\/CPS23\/idx\/eng\" target=\"_blank\" rel=\"noopener\">Inicio: 35.\u00aa Exposici\u00f3n Internacional de las Industrias del Pl\u00e1stico y el Caucho (chinaplasonline.com)<\/a><\/li>\n<\/ul>\n<hr \/>\n<h3 data-fontsize=\"32\" data-lineheight=\"70.4px\"><a href=\"https:\/\/www.ami-events.com\/event\/fd457449-bbb7-47d0-a2de-4c37cbe18d22\/summary?RefId=AMI%20Website\" target=\"_blank\" rel=\"noopener\">Conferencia AMI Master Batch 2023<\/a><\/h3>\n<p><strong>Del 18 al 20 de abril de 2023 en Colonia, Alemania<\/strong><\/p>\n<ul>\n<li>Birla Carbon realizar\u00e1 una presentaci\u00f3n sobre el desarrollo de una t\u00e9cnica fiable de medici\u00f3n del tama\u00f1o de las part\u00edculas para materiales carbonaceos.<\/li>\n<li><a href=\"https:\/\/www.ami-events.com\/event\/fd457449-bbb7-47d0-a2de-4c37cbe18d22\/summary?RefId=AMI%20Website\" target=\"_blank\" rel=\"noopener\">Conferencia AMI Master Batch 2023<\/a><\/li>\n<\/ul>\n<hr \/>\n<h3><a href=\"https:\/\/ind01.safelinks.protection.outlook.com\/?url=https%3A%2F%2Fwww.carbonblackworld.com%2Fcarbon-black-world&amp;data=05%7C01%7Cnoopur.modi%40adityabirla.com%7Ce519358a92a4478ef04708daf877505c%7Cf87a5f5ef97e4aecbab86e4187ef4f1c%7C0%7C0%7C638095488586131876%7CUnknown%7CTWFpbGZsb3d8eyJWIjoiMC4wLjAwMDAiLCJQIjoiV2luMzIiLCJBTiI6Ik1haWwiLCJXVCI6Mn0%3D%7C3000%7C%7C%7C&amp;sdata=dDdJMPce%2BspKI0DH08Y4%2Fhi8zjv5D1ibNuW54s2Gjws%3D&amp;reserved=0\" target=\"_blank\" rel=\"noopener\">Carbon Black World 2023<\/a><\/h3>\n<p><strong>Del 12 al 14 de abril de 2023, Jiangxi, China<\/strong><\/p>\n<ul>\n<li>Birla Carbon participar\u00e1 en la Carbon Black World 2023. Se dar\u00e1n m\u00e1s detalles pr\u00f3ximamente.<\/li>\n<li><a href=\"https:\/\/ind01.safelinks.protection.outlook.com\/?url=https%3A%2F%2Fwww.carbonblackworld.com%2Fcarbon-black-world&amp;data=05%7C01%7Cnoopur.modi%40adityabirla.com%7Ce519358a92a4478ef04708daf877505c%7Cf87a5f5ef97e4aecbab86e4187ef4f1c%7C0%7C0%7C638095488586131876%7CUnknown%7CTWFpbGZsb3d8eyJWIjoiMC4wLjAwMDAiLCJQIjoiV2luMzIiLCJBTiI6Ik1haWwiLCJXVCI6Mn0%3D%7C3000%7C%7C%7C&amp;sdata=dDdJMPce%2BspKI0DH08Y4%2Fhi8zjv5D1ibNuW54s2Gjws%3D&amp;reserved=0\" target=\"_blank\" rel=\"noopener\">Evento mundial sobre el negro de carbono (Carbon Black World)<\/a><\/li>\n<\/ul>\n<hr \/>\n<h3><a href=\"https:\/\/www.kunststoffrezyklate.de\/\" target=\"_blank\" rel=\"noopener\">Foro de reciclados pl\u00e1sticos<\/a><\/h3>\n<p><strong>Del 29 al 30 de marzo de 2023 en Darmstadt, Alemania<\/strong><\/p>\n<ul>\n<li>Birla Carbon realizar\u00e1 presentaciones sobre la gama Continua\u2122 SCM.<\/li>\n<li><a href=\"https:\/\/www.kunststoffrezyklate.de\/\" target=\"_blank\" rel=\"noopener\">Foro de reciclados pl\u00e1sticos<\/a><\/li>\n<\/ul>\n<hr \/>\n<h3><a href=\"https:\/\/www.tiretechnology-expo.com\/en\/\" target=\"_blank\" rel=\"noopener\">TireTech 2023<\/a><\/h3>\n<p><strong>Del 21 al 23 de marzoen Hannover, Alemania<\/strong><\/p>\n<ul>\n<li>Birla Carbon participar\u00e1 en TireTech 2023. Se dar\u00e1n m\u00e1s detalles pr\u00f3ximamente.<\/li>\n<li><a href=\"https:\/\/www.tiretechnology-expo.com\/en\/\" target=\"_blank\" rel=\"noopener\">Exposici\u00f3n sobre tecnolog\u00eda para neum\u00e1ticos 2023<\/a><\/li>\n<\/ul>\n<hr \/>\n<h3><a href=\"https:\/\/www.chinacoat.net\/?route=homepage&amp;lang=2#:~:text=February%206%20%E2%80%93%20March%206%2C%202023%20%7C%20www.chinacoatonline.net,and%20keep%20abreast%20of%20industry%20trends%20since%201996.\" target=\"_blank\" rel=\"noopener\">CHINACOAT<\/a><\/h3>\n<p><strong>Del 22 al 24 de febrero de 2023, China<\/strong><\/p>\n<ul>\n<li>Birla Carbon participar\u00e1 en el evento China Coat 2023. Se dar\u00e1n m\u00e1s detalles pr\u00f3ximamente.<\/li>\n<li><a href=\"https:\/\/www.chinacoat.net\/?route=homepage&amp;lang=2#:~:text=February%206%20%E2%80%93%20March%206%2C%202023%20%7C%20www.chinacoatonline.net,and%20keep%20abreast%20of%20industry%20trends%20since%201996.\" target=\"_blank\" rel=\"noopener\">CHINACOAT<\/a><\/li>\n<\/ul>\n<hr \/>\n<h3><a href=\"https:\/\/www.tradeindia.com\/tradeshows\/116249\/compounding-masterbatch-asia-2023.html\" target=\"_blank\" rel=\"noopener\">Compounding y Masterbatch Asia 2023<\/a><\/h3>\n<p><strong>Del 28 de febrero al 1 de marzo de 2023 en Bangkok, Tailandia<\/strong><\/p>\n<ul>\n<li>Birla Carbon impartir\u00e1 presentaciones sobre los materiales carbon\u00e1ceos sostenibles Continua\u2122 SCM.<\/li>\n<li><a href=\"https:\/\/www.tradeindia.com\/tradeshows\/116249\/compounding-masterbatch-asia-2023.html\" target=\"_blank\" rel=\"noopener\">Compounding y Masterbatch Asia 2023 en Bangkok, Tailandia <\/a><\/li>\n<\/ul>\n<hr \/>\n<h3><a href=\"https:\/\/www.retathailand.com\/retaic\/\" target=\"_blank\" rel=\"noopener\">Conferencia internacional RETA 2023<\/a><\/h3>\n<p><strong>2 y 3 de marzo de 2023,<br \/>\nJamjuree Ballroom, M floor<br \/>\nHotel Pathumwan Princess, Bangkok, Tailandia<br \/>\n<\/strong><\/p>\n<ul>\n<li>Birla Carbon participar\u00e1 en la conferencia internacional RETA 2023<\/li>\n<li><a href=\"https:\/\/www.retathailand.com\/retaic\/\">RETA-IC2023 (retathailand.com)<\/a><\/li>\n<\/ul>\n<hr \/>\n<h3><a href=\"https:\/\/www.k-online.com\/\" target=\"_blank\" rel=\"noopener\">K 2022<\/a><\/h3>\n<p><strong>Del 19 al 26 de octubre de 2022<br \/>\nD\u00fcsseldorf, Alemania<br \/>\n<\/strong><\/p>\n<ul>\n<li>Birla Carbon expondr\u00e1 en el sal\u00f3n Ha\/H33 de K2022.<\/li>\n<li><a href=\"https:\/\/www.k-online.com\/\" target=\"_blank\" rel=\"noopener\">K 2022: La feria comercial n.\u00ba 1 del pl\u00e1stico y el caucho (k-online.com)<\/a><\/li>\n<\/ul>\n<hr \/>\n<h3><a href=\"https:\/\/www.pcimag.com\/powder-coating-summit\/agenda#day-2\" target=\"_blank\" rel=\"noopener\">Convenci\u00f3n sobre revestimientos en polvo 2022<\/a><\/h3>\n<p><strong>Del 7 al 9 de septiembre de 2022<br \/>\nWestin Lombard, IL, USA<br \/>\n<\/strong><\/p>\n<ul>\n<li>Birla Carbon expondr\u00e1 en la Convenci\u00f3n sobre revestimientos en polvo 2022<\/li>\n<li>Presentar\u00e1 una charla sobre tres aspectos clave para las propiedades est\u00e9ticas de los revestimientos en polvo cuando se utiliza negro de carbono.<\/li>\n<li><a href=\"https:\/\/www.pcimag.com\/powder-coating-summit\/agenda#day-2\" target=\"_blank\" rel=\"noopener\"> Agenda de la Convenci\u00f3n sobre revestimientos en polvo | PCI Magazine<\/a><\/li>\n<\/ul>\n<hr \/>\n<h3><a href=\"https:\/\/www.thebatteryshow.com\/en\/home.html\" target=\"_blank\" rel=\"noopener\">La Feria de la Bater\u00eda de Norteam\u00e9rica 2022<\/a><\/h3>\n<p><strong>Del 13 al 15 de septiembre de 2022<br \/>\nCentro suburbano de organizaci\u00f3n de exhibiciones, Novi, Michigan, EE. UU.<br \/>\n<\/strong><\/p>\n<ul>\n<li>Birla Carbon expondr\u00e1 en el puesto 2157 de la Feria de la Bater\u00eda<\/li>\n<li><a href=\"https:\/\/www.thebatteryshow.com\/en\/home.html\" target=\"_blank\" rel=\"noopener\">https:\/\/www.thebatteryshow.com\/en\/home.html<\/a><\/li>\n<\/ul>\n<hr \/>\n<h3><a href=\"https:\/\/www.expobor.com.br\/pt-br\/\" target=\"_blank\" rel=\"noopener noreferrer\">Expobor<\/a><\/h3>\n<p><strong>22-24 de junio de 2022<br \/>\nS\u00e3o Paulo, Brasil<\/strong><\/p>\n<ul>\n<li>Birla Carbon expondr\u00e1 en la Muestra Internacional de Tecnolog\u00eda de Caucho Expobor.<\/li>\n<li><a href=\"https:\/\/www.expobor.com.br\" target=\"_blank\" rel=\"noopener noreferrer\">https:\/\/www.expobor.com.br<\/a><\/li>\n<\/ul>\n<hr \/>\n<h3><a href=\"https:\/\/www.neventum.com\/tradeshows\/dkt\" target=\"_blank\" rel=\"noopener\">DKT 2022<\/a><\/h3>\n<p><strong>Del 27 al 30 de junio de 2022<br \/>\nN\u00fcrnbergMesse GmbH, N\u00faremberg, Alemania<br \/>\n<\/strong><\/p>\n<ul>\n<li>Birla Carbon participar\u00e1 en DKT 2022.<\/li>\n<li><a href=\"https:\/\/www.neventum.com\/tradeshows\/dkt\" target=\"_blank\" rel=\"noopener\">https:\/\/www.neventum.com\/tradeshows\/dkt<\/a><\/li>\n<\/ul>\n<hr \/>\n<h3><a href=\"https:\/\/www.thebatteryshow.eu\/en\/Visit\/expo.html\" target=\"_blank\" rel=\"noopener\">The Battery Show Europe<\/a><\/h3>\n<p><strong>Del 28 al 30 de junio de 2022<br \/>\nStuttgart, Alemania<br \/>\n<\/strong><\/p>\n<ul>\n<li>Birla Carbon participar\u00e1 en el puesto 8 \u2013 G63 en el evento.<\/li>\n<li><a href=\"https:\/\/www.thebatteryshow.eu\/en\/Visit\/expo.html\">Expo | The Battery Show Europe<\/a><\/li>\n<\/ul>\n<hr \/>\n<h3><a href=\"https:\/\/www.abrafatishow.com.br\/en\" target=\"_blank\" rel=\"noopener\">Congreso ABRAFATI<\/a><\/h3>\n<p><strong>del 21 al 23 de junio de 2022<\/strong><\/p>\n<ul>\n<li>Birla Carbon participar\u00e1 en la feria ABRAFATI en el puesto C95.<\/li>\n<li><a href=\"https:\/\/www.abrafatishow.com.br\/en\" target=\"_blank\" rel=\"noopener\">https:\/\/www.abrafatishow.com.br\/en<\/a><\/li>\n<\/ul>\n<hr \/>\n<h3><a href=\"https:\/\/www.paintindia.in\/home\" target=\"_blank\" rel=\"noopener\">PaintIndia 2022<\/a><\/h3>\n<p><strong>Del 26 al 28 de mayo de 2022<br \/>\n<\/strong>Centro de Convenciones Internacionales Jio Mumbai<\/p>\n<ul>\n<li>Birla Carbon participar\u00e1 en PaintIndia 2022<\/li>\n<li><a href=\"https:\/\/www.paintindia.in\/home\" target=\"_blank\" rel=\"noopener\">https:\/\/www.paintindia.in\/home<\/a><\/li>\n<\/ul>\n<hr \/>\n<h3><a href=\"https:\/\/www.tiretechnology-expo.com\/en\/index.php\" target=\"_blank\" rel=\"noopener\">Exposisci\u00f3n tecnol\u00f3gica de neum\u00e1ticos 2022<\/a><\/h3>\n<p><strong>Del 18 al 20 de mayo de 2022<br \/>\nSalones 19\/20\/21, Deutsche Messe, recinto ferial,<br \/>\nHannover, Alemania<br \/>\n<\/strong><\/p>\n<ul>\n<li>Birla Carbon participar\u00e1 en el puesto C328 de la exposici\u00f3n.<\/li>\n<li><a href=\"https:\/\/www.tiretechnology-expo.com\/en\/index.php\" target=\"_blank\" rel=\"noopener\">https:\/\/www.tiretechnology-expo.com\/en\/index.php<\/a><\/li>\n<\/ul>\n<hr \/>\n<h3><a href=\"https:\/\/american-coatings-show.com\/\" target=\"_blank\" rel=\"noopener\">Feria Americana de Recubrimientos<\/a><\/h3>\n<p>Centro de convenciones de Indiana<\/p>\n<p><strong>del 5 al 7 de abril de 2022<\/strong><\/p>\n<ul>\n<li>Birla Carbon participar\u00e1 en la Feria Americana de Recubrimientos de 2022<\/li>\n<li><a href=\"https:\/\/american-coatings-show.com\/\" target=\"_blank\" rel=\"noopener\">https:\/\/american-coatings-show.com\/<\/a><\/li>\n<\/ul>\n<hr \/>\n<p><a href=\"https:\/\/colourpublications.in\/powder-tech-2022\/\" target=\"_blank\" rel=\"noopener\"><strong>PowderTECH 2022<\/strong><\/a><\/p>\n<p><strong>11 de marzo de 2022<br \/>\nHotel Taj Vivanta, Dwarka, Nueva Delhi, India<\/strong><\/p>\n<ul>\n<li>Birla Carbon se presentar\u00e1 en la feria PowderTECH de 2022.<\/li>\n<li><a href=\"https:\/\/colourpublications.in\/powder-tech-2022\/\" target=\"_blank\" rel=\"noopener\">https:\/\/colourpublications.in\/powder-tech-2022\/<\/a><\/li>\n<\/ul>\n<hr \/>\n<h3><a href=\"https:\/\/www.ami-events.com\/event\/b7e75739-fc10-4fa8-831f-e652a64caa66\/summary?utm_campaign=210712_C1162_Em_CFP_Conf_US_Prospect_Delegates_CFP%26EB&amp;esid=7c2e5fe8-0ce3-eb11-bacb-000d3a2b12ce&amp;utm_medium=email&amp;recipientid=contact-2fd7e064f83de711810b5065f38b9531-2ba3e5dbfdb9430190a7a7930489e96b&amp;RefId=EM2_Prospects_Home&amp;_cldee=bmF0YWxpZS5oYXJyaXNAYWRpdHlhYmlybGEuY29t&amp;utm_source=ClickDimensions\" target=\"_blank\" rel=\"noopener\">Concentrados de termopl\u00e1sticos<\/a><\/h3>\n<p><strong>25-27 de enero de 2022<br \/>\nResort Renaissance World Golf Village, St. Augustine, Florida, EE. UU.<br \/>\n<\/strong><\/p>\n<ul>\n<li>\u2022 Birla Carbon ser\u00e1 ponente en el Evento de Concentrados de termopl\u00e1sticos que re\u00fane a ejecutivos importantes de las principales empresas de producci\u00f3n de concentrados para hablar sobre los nuevos avances y aportar datos reales del negocio en la gesti\u00f3n exitosa de empresas.<\/li>\n<li><a href=\"https:\/\/www.ami-events.com\/event\/b7e75739-fc10-4fa8-831f-e652a64caa66\/summary?utm_campaign=210712_C1162_Em_CFP_Conf_US_Prospect_Delegates_CFP%26EB&amp;esid=7c2e5fe8-0ce3-eb11-bacb-000d3a2b12ce&amp;utm_medium=email&amp;recipientid=contact-2fd7e064f83de711810b5065f38b9531-2ba3e5dbfdb9430190a7a7930489e96b&amp;RefId=EM2_Prospects_Home&amp;_cldee=bmF0YWxpZS5oYXJyaXNAYWRpdHlhYmlybGEuY29t&amp;utm_source=ClickDimensions\" target=\"_blank\" rel=\"noopener\">Concentrados de termopl\u00e1sticos<\/a><\/li>\n<\/ul>\n<hr \/>\n<h3><a href=\"https:\/\/en.rubbertech-expo.com\/index\" target=\"_blank\" rel=\"noopener\">Exposici\u00f3n Internacional de Tecnolog\u00edas del Caucho \u2013 3 d\u00edas<\/a><\/h3>\n<p><strong>1 \u2013 3 de diciembre, 2021<br \/>\nNuevo Centro Internacional de Exposiciones de Shangh\u00e1i, 2345 Longyang Road, Pundong, Shangh\u00e1i<br \/>\n<\/strong><\/p>\n<ul>\n<li>Birla Carbon participar\u00e1 en la Exposici\u00f3n Internacional de Tecnolog\u00edas de Caucho, en la cabina 3B459.<\/li>\n<li><a href=\"https:\/\/en.rubbertech-expo.com\/index\" target=\"_blank\" rel=\"noopener noreferrer\">https:\/\/en.rubbertech-expo.com\/index<\/a><\/li>\n<\/ul>\n<hr \/>\n<h3><a href=\"https:\/\/www.thebatteryshow.eu\/en\/Home.html\" target=\"_blank\" rel=\"noopener\">The Battery Show Europe<\/a><\/h3>\n<p><strong>30 de noviembre \u2013 2 de diciembre de 2021<br \/>\nMesse Stuttgart, Alemania<br \/>\n<\/strong><\/p>\n<ul>\n<li>Birla Carbon participar\u00e1 en The Battery Show Europe (En persona)<\/li>\n<li><a href=\"https:\/\/www.thebatteryshow.eu\/en\/Home.html\" target=\"_blank\" rel=\"noopener\">https:\/\/www.thebatteryshow.eu\/en\/Home.html<\/a><\/li>\n<\/ul>\n<hr \/>\n<h3><a href=\"https:\/\/www.chinacoat.net\/?route=homepage&amp;lang=2\" target=\"_blank\" rel=\"noopener\">CHINACOAT 2021 &#8211; Exposici\u00f3n Global de Recubrimientos<\/a><\/h3>\n<p><strong>16 \u2013 18 de noviembre, 2021<br \/>\nShanghai New International Expo Centre (SNIEC)<br \/>\n<\/strong><\/p>\n<ul>\n<li>Birla Carbon estar\u00e1 presente en el CHINACOAT 2021.<\/li>\n<li><a href=\"https:\/\/www.chinacoat.net\/?route=homepage&amp;lang=2\" target=\"_blank\" rel=\"noopener noreferrer\">https:\/\/www.chinacoat.net\/?route=homepage&amp;lang=2<\/a><\/li>\n<\/ul>\n<hr \/>\n<h3><a href=\"https:\/\/www.battery-technology-conference.com\/\" target=\"_blank\" rel=\"noopener\">Veh\u00edculos El\u00e9ctricos Battery Tech 2021 (Europa)<\/a><\/h3>\n<p><strong>19 \u2013 20 de Octubre, 2021<br \/>\nLe M\u00e9ridien, Stuttgart, Alemania<br \/>\n<\/strong><\/p>\n<ul>\n<li>Birla Carbon est\u00e1 desarrollando aditivos conductivos avanzados y materiales activos de \u00e1nodo para aplicaciones de bater\u00edas de EV para facilitar el procesamiento y el rendimiento de las c\u00e9lulas en formulaciones de \u00e1nodo y c\u00e1todo.<\/li>\n<li>La sesi\u00f3n destacar\u00e1 los avances en productos de negro de carbono mejorados para su uso en el mercado de bater\u00edas de iones de litio, que proporcionan una amplia gama de morfolog\u00edas que permiten la flexibilidad de la formulaci\u00f3n y una mayor conductividad.<\/li>\n<li>Jim tambi\u00e9n compartir\u00e1 el nuevo trabajo sobre materiales h\u00edbridos avanzados de nanotubos de carbono\/negro.<\/li>\n<li><a href=\"https:\/\/www.battery-technology-conference.com\/\" target=\"_blank\" rel=\"noopener noreferrer\">https:\/\/www.battery-technology-conference.com\/<\/a><\/li>\n<\/ul>\n<hr \/>\n<h3><a href=\"https:\/\/www.rubberiec.org\/\" target=\"_blank\" rel=\"noopener\">Conferencia Internacional de Elast\u00f3meros<\/a><\/h3>\n<p><strong>4 \u2013 7 de octubre, 2021<br \/>\nPittsburgh, Pensilvania, EE. UU.<br \/>\n<\/strong><\/p>\n<ul>\n<li>Charles Herd y Lewis B Tunnicliffe, de Birla Carbon, recibir\u00e1n un Premio de Excelencia en Publicaciones, por su trabajo de investigaci\u00f3n titulado \u201cReinforcement of Rubber by Carbon Black and Lignin-Coated Nanocellulose Fibrils\u201d el 7 de octubre de 2021.<\/li>\n<li><a href=\"https:\/\/www.rubberiec.org\/\" target=\"_blank\" rel=\"noopener\">https:\/\/www.rubberiec.org\/<\/a><\/li>\n<\/ul>\n<hr \/>\n<h3><a href=\"https:\/\/www.thebatteryshow.com\/en\/home.html\" target=\"_blank\" rel=\"noopener\">Feria de Bater\u00edas<\/a><\/h3>\n<p><strong>14-16 de septiembre de 2021<br \/>\nNovi, Michigan, EE. UU.<\/strong><\/p>\n<ul>\n<li>Birla Carbon participar\u00e1 en este evento centrado en mantenerse al d\u00eda con las r\u00e1pidamente cambiantes industrias de las bater\u00edas y automotoras.<\/li>\n<li><a href=\"https:\/\/www.thebatteryshow.com\/en\/home.html\" target=\"_blank\" rel=\"noopener noreferrer\">https:\/\/www.thebatteryshow.com\/en\/home.html<\/a><\/li>\n<\/ul>\n<hr \/>\n<h3><a href=\"https:\/\/www.carbonblackworld.com\/carbon-black-world\" target=\"_blank\" rel=\"noopener\">Carbon Black World<\/a><\/h3>\n<p><strong>De 13 a 14 de setembro de 2021<br \/>\nCharlotte, Carolina do Norte, EUA<\/strong><\/p>\n<ul>\n<li>Amy Hickman da Birla Carbon participar\u00e1 de um painel de discuss\u00e3o que leva o nome de \u201cExcel\u00eancia Operacional Sustent\u00e1vel\u201d no dia 14 de setembro de 2021, durante a sess\u00e3o sobre \u2018<strong>Sustentabilidade com materiais no setor de negro de fumo<\/strong>.<\/li>\n<li><a href=\"https:\/\/www.carbonblackworld.com\/carbon-black-world\" target=\"_blank\" rel=\"noopener\">https:\/\/www.carbonblackworld.com\/carbon-black-world<\/a><\/li>\n<\/ul>\n<hr \/>\n<h3><a href=\"https:\/\/www.pcimag.com\/coatings-conference\" target=\"_blank\" rel=\"noopener\">Tecnolog\u00edas y tendencias en revestimiento<\/a><\/h3>\n<p><strong>8-9 de septiembre de 2021<br \/>\nThe Westin Lombard, IL, USA<br \/>\n<\/strong><\/p>\n<ul>\n<li>El Dr. Richard Abbott, la Dra. Natalie Harris y Josh Baugh, de Birla Carbon, hablar\u00e1n sobre el tema \u00abEl tri\u00e1ngulo de dispersi\u00f3n para pigmentos de negro de carbono\u00bb en el evento.<\/li>\n<li><a href=\"https:\/\/www.pcimag.com\/coatings-conference\" target=\"_blank\" rel=\"noopener noreferrer\">https:\/\/www.pcimag.com\/coatings-conference<\/a><\/li>\n<\/ul>\n<hr \/>\n<h3><a href=\"https:\/\/coatings.specialchem.com\/webinar-video\/dispersion-of-carbon-black-the-fundamental-principles%20?utm_source=linkedin&amp;utm_medium=social&amp;utm_campaign=product&amp;utm_content=WebinarPC\" target=\"_blank\" rel=\"noopener\">Webinario: Dispersi\u00f3n del negro de carbono: Los principios fundamentales<\/a><\/h3>\n<p><strong>1 de septiembre de 2021<br \/>\n<\/strong><\/p>\n<ul>\n<li>El Dr. Richar Abbott de Birla Carbon presentar\u00e1 los principios fundamentales b\u00e1sicos de la dispersi\u00f3n del negro de carbono a m\u00e1s de 200 formuladores de revestimientos.<\/li>\n<li>Aprenda c\u00f3mo optimizar sus t\u00e9cnicas de dispersi\u00f3n y sus formulaciones. Vea c\u00f3mo puede maximizar el rendimiento de sus revestimientos e incluso reducir los costes de producci\u00f3n.<\/li>\n<li>Para m\u00e1s informaci\u00f3n y para registrarse en el webinario, <a href=\"https:\/\/coatings.specialchem.com\/webinar-video\/dispersion-of-carbon-black-the-fundamental-principles%20?utm_source=linkedin&amp;utm_medium=social&amp;utm_campaign=product&amp;utm_content=WebinarPC\" target=\"_blank\" rel=\"noopener\">haga clic en <\/a>.<\/li>\n<\/ul>\n<h3><\/h3>\n<hr \/>\n<h3><a href=\"https:\/\/www.tiretechnologyvirtuallive.com\/en\/\" target=\"_blank\" rel=\"noopener noreferrer\">Evento Virtual en directo de Tecnolog\u00eda de Neum\u00e1ticos 2021<\/a><\/h3>\n<p><strong>7-18 de junio de 2021<br \/>\n<\/strong><\/p>\n<ul>\n<li>Birla Carbon presentar\u00e1 sus productos en el evento Virtual en directo de Tecnolog\u00eda de Neum\u00e1ticos 2021.<\/li>\n<li><a href=\"https:\/\/www.tiretechnologyvirtuallive.com\/en\/\" target=\"_blank\" rel=\"noopener\">https:\/\/www.tiretechnologyvirtuallive.com\/en\/<\/a><\/li>\n<\/ul>\n<hr \/>\n<h3><a href=\"https:\/\/www.ami-events.com\/event\/fa39a41f-2057-4d1d-94d0-74e6a26799b1\/summary?RefId=AMI%20Website\" target=\"_blank\" rel=\"noopener\">Cumbre virtual 2021 de Concentrados de termopl\u00e1stico<\/a><\/h3>\n<p><strong>26-29 de abril de 2021<\/strong><\/p>\n<ul>\n<li>Birla Carbon participar\u00e1 en la feria comercial virtual organizada por la AMI.<\/li>\n<li>La cumbre virtual global se desarrollar\u00e1 durante cuatro d\u00edas, a partir de las 9:00 (hora del este de EE. UU.), y cubrir\u00e1 los \u00faltimos desarrollos t\u00e9cnicos y tendencias del mercado en concentrados termopl\u00e1sticos y masterbatch, as\u00ed como las oportunidades que ofrecen.<\/li>\n<li><a href=\"https:\/\/www.ami-events.com\/event\/fa39a41f-2057-4d1d-94d0-74e6a26799b1\/summary\" target=\"_blank\" rel=\"noopener\">https:\/\/www.ami-events.com\/event\/fa39a41f-2057-4d1d-94d0-74e6a26799b1\/summary<\/a><\/li>\n<\/ul>\n<hr \/>\n<h3><a href=\"https:\/\/www.chinaplasonline.com\/CPS21\/idx\/eng\" target=\"_blank\" rel=\"noopener\">Chinaplas 2021<\/a><\/h3>\n<p><strong>13-16 de abril de 2021<\/strong><br \/>\n<strong>Shenzhen, Guangdong, China<\/strong><\/p>\n<ul>\n<li>Birla Carbon participar\u00e1 en Chinaplas 2021.<\/li>\n<li><a href=\"https:\/\/www.chinaplasonline.com\/CPS21\/idx\/eng\" target=\"_blank\" rel=\"noopener\">https:\/\/www.chinaplasonline.com\/CPS21\/idx\/eng<\/a><\/li>\n<\/ul>\n<hr \/>\n<h3 class=\"fusion-responsive-typography-calculated\" style=\"--fontsize: 32; line-height: 2.2; --minfontsize: 32;\" data-fontsize=\"32\" data-lineheight=\"70.4px\"><a href=\"https:\/\/www.carbonblackworld.com\/carbon-black-world\" target=\"_blank\" rel=\"noopener noreferrer\">Carbon Black World 2020<\/a><\/h3>\n<p><strong>10-12 de noviembre de 2020<\/strong><br \/>\n<strong>Charlotte, Carolina del Norte, EE. UU.<\/strong><\/p>\n<ul>\n<li>Birla Carbon patrocina y coorganiza uno de los principales eventos en la industria del negro de carbono.<\/li>\n<li><a href=\"https:\/\/www.carbonblackworld.com\/carbon-black-world\" target=\"_blank\" rel=\"noopener noreferrer\">https:\/\/www.carbonblackworld.com\/ <\/a><\/li>\n<\/ul>\n<hr \/>\n<h3><a href=\"https:\/\/coatings.specialchem.com\/webinar-video\/tinting-formulations-challenges?lr=pci2009781&amp;li=200186147&amp;utm_source=NL&amp;utm_medium=EML&amp;utm_campaign=pci2009781&amp;m_i=HvLHG6m38mW1rajw7__jH_DEWIXZwG4pnf9QvZllIr37yTgK_Vnj4TcLdXOZocSXjsLaYrpvKanlRlMrhrj_313fsWfVHy&amp;status=valid\" target=\"_blank\" rel=\"noopener noreferrer\">Webinario: Problemas de la formulaci\u00f3n de tintura C\u00f3mo optimizar el tri\u00e1ngulo de rendimiento y su selecci\u00f3n de negro de carb\u00f3n<\/a><\/h3>\n<p><strong>22 de septiembre de 2020<\/strong><\/p>\n<ul>\n<li>Alessandro Vulcano, director de segmento global de revestimientos y Joshua Baugh, gerente de laboratorio y soporte t\u00e9cnico al client de Birla Carbon, presentar\u00e1n los factores principales del tri\u00e1ngulo de rendimiento que debe conocer para optimizar sus formulaciones de tinturas<\/li>\n<li>Para registrarse, visite <a href=\"https:\/\/coatings.specialchem.com\/webinar-video\/tinting-formulations-challenges?lr=pci2009781&amp;li=200186147&amp;utm_source=NL&amp;utm_medium=EML&amp;utm_campaign=pci2009781&amp;m_i=HvLHG6m38mW1rajw7__jH_DEWIXZwG4pnf9QvZllIr37yTgK_Vnj4TcLdXOZocSXjsLaYrpvKanlRlMrhrj_313fsWfVHy&amp;status=valid\" target=\"_blank\" rel=\"noopener noreferrer\">https:\/\/coatings.specialchem.com\/webinar-video\/tinting-formulations-challenges<\/a><\/li>\n<\/ul>\n<hr \/>\n<h3><a href=\"https:\/\/www.carbonblackworld.com\/recovered\" target=\"_blank\" rel=\"noopener noreferrer\">Negro de carb\u00f3n recuperado 2020<br \/>\n<\/a><\/h3>\n<p><strong>8-10 de septiembre de 2020<\/strong><br \/>\n<strong>Stuttgart, Alemania<\/strong><\/p>\n<ul>\n<li>Dale Clark, Jefe de Tecnolog\u00eda de Birla Carbon, hablar\u00e1 en la conferencia acerca de \u201cPerspectivas desde la industria tradicional de negro de carbono: \u00bfEs el NCR complementario, competitivo, o ambos?\u201d<\/li>\n<li><a href=\"https:\/\/www.carbonblackworld.com\/recovered\" target=\"_blank\" rel=\"noopener noreferrer\">https:\/\/www.carbonblackworld.com\/recovered<\/a><\/li>\n<\/ul>\n<hr \/>\n<h3><a href=\"https:\/\/www.iom3.org\/rubber-engineering-group\/event\/elastomers-electric-vehicles\" target=\"_blank\" rel=\"noopener noreferrer\">Webinar: USO DE ELAST\u00d3MEROS EN VEH\u00cdCULOS EL\u00c9CTRICOS<\/a><\/h3>\n<p><strong>3 de julio de 2020<\/strong><\/p>\n<ul>\n<li>Lewis Tunnicliffe y Joe Hallett, de Birla Carbon EE. UU. y Reino Unido, presentar\u00e1n soluciones para aplicaciones de baja conductividad, baja resistencia a la rodadura y AVS en veh\u00edculos el\u00e9ctricos.<\/li>\n<li><a href=\"https:\/\/www.iom3.org\/rubber-engineering-group\/event\/elastomers-electric-vehicles\" target=\"_blank\" rel=\"noopener noreferrer\">https:\/\/www.iom3.org\/rubber-engineering-group\/event\/elastomers-electric-vehicles<\/a><\/li>\n<\/ul>\n<hr \/>\n<h3><a href=\"https:\/\/paintindia.in\/home\" target=\"_blank\" rel=\"noopener noreferrer\">Reuni\u00f3n T\u00e9cnica de Primavera de la Divisi\u00f3n de Cauchos de la Sociedad Qu\u00edmica Americana<\/a><\/h3>\n<p><strong>28-30 de abril de 2020<\/strong><br \/>\n<strong>Independence, Ohio, EE. UU.<\/strong><\/p>\n<ul>\n<li>Lewis B. Tunnicliffe, MRes Ph. D., Cient\u00edfico L\u00edder de Desarrollo de Productos de Caucho en Birla Carbon, hablar\u00e1 acerca del \u201cRefuerzo de caucho con fibrillas de nanocelulosa revestidas con lignina\u201d.<\/li>\n<li><a href=\"https:\/\/www.rubber.org\/spring-technical-meeting\" target=\"_blank\" rel=\"noopener noreferrer\">https:\/\/www.rubber.org\/spring-technical-meeting<\/a><\/li>\n<\/ul>\n<hr \/>\n<h3><a href=\"https:\/\/www.tiretechnology-expo.com\/en\/\" target=\"_blank\" rel=\"noopener noreferrer\">Exposici\u00f3n de Tecnolog\u00eda de Neum\u00e1ticos 2020<\/a><\/h3>\n<p><strong>25-27 de febrero de 2020<\/strong><br \/>\n<strong>Hannover, Alemania<\/strong><\/p>\n<ul>\n<li>Birla Carbon exhibir\u00e1 en la Exposici\u00f3n de Tecnolog\u00eda de Neum\u00e1ticos, cabina <strong>C505 del Sal\u00f3n 20<\/strong>.<\/li>\n<li><a href=\"https:\/\/www.tiretechnology-expo.com\/en\" target=\"_blank\" rel=\"noopener noreferrer\">https:\/\/www.tiretechnology-expo.com\/en<\/a>\/<\/li>\n<\/ul>\n<hr \/>\n<h3><a href=\"https:\/\/www.plastivision.org\/\" target=\"_blank\" rel=\"noopener noreferrer\"><u>Plastvision<\/u><\/a><\/h3>\n<p><strong>16 de enero-20 de enero de 2020<\/strong><br \/>\n<strong>Centro de Exhibiciones de Bombay, Mumbai, India<\/strong><\/p>\n<ul>\n<li>Birla Carbon participar\u00e1 en la feria de muestras Plastivision 2020 en el Sal\u00f3n 4, Stand n.\u00ba F-5<\/li>\n<li>Registro de visitantes de Plastivision: <a href=\"https:\/\/www.plastivision.org\/register-to-visit.php\" target=\"_blank\" rel=\"noopener noreferrer\">https:\/\/www.plastivision.org\/register-to-visit.php<\/a><\/li>\n<li>Para solicitar una cita con nuestro equipo, p\u00f3ngase en contacto con <a href=\"mailto:bhuwan.shukla@adityabirla.com\">bhuwan.shukla@adityabirla.com<\/a><\/li>\n<li><a href=\"https:\/\/www.plastivision.org\/\" target=\"_blank\" rel=\"noopener noreferrer\">https:\/\/www.plastivision.org\/<\/a><\/li>\n<\/ul>\n<hr \/>\n<p><a href=\"https:\/\/polymer-additives.specialchem.com\/webinar-video\/high-jetness-plastics-impact-of-processing-on-color-development\" target=\"_blank\" rel=\"noopener noreferrer\"><img decoding=\"async\" class=\"aligncenter wp-image-6003 size-full\" src=\"https:\/\/www.birlacarbon.com\/wp-content\/uploads\/2019\/12\/Birla-Webinar-High-Jetness-PA-Social.png\" alt=\"Birla Carbon High Jetness Webinar\" width=\"1406\" height=\"959\" srcset=\"https:\/\/www.birlacarbon.com\/wp-content\/uploads\/2019\/12\/Birla-Webinar-High-Jetness-PA-Social-200x136.png 200w, https:\/\/www.birlacarbon.com\/wp-content\/uploads\/2019\/12\/Birla-Webinar-High-Jetness-PA-Social-300x205.png 300w, https:\/\/www.birlacarbon.com\/wp-content\/uploads\/2019\/12\/Birla-Webinar-High-Jetness-PA-Social-400x273.png 400w, https:\/\/www.birlacarbon.com\/wp-content\/uploads\/2019\/12\/Birla-Webinar-High-Jetness-PA-Social-600x409.png 600w, https:\/\/www.birlacarbon.com\/wp-content\/uploads\/2019\/12\/Birla-Webinar-High-Jetness-PA-Social-768x524.png 768w, https:\/\/www.birlacarbon.com\/wp-content\/uploads\/2019\/12\/Birla-Webinar-High-Jetness-PA-Social-800x546.png 800w, https:\/\/www.birlacarbon.com\/wp-content\/uploads\/2019\/12\/Birla-Webinar-High-Jetness-PA-Social-1024x698.png 1024w, https:\/\/www.birlacarbon.com\/wp-content\/uploads\/2019\/12\/Birla-Webinar-High-Jetness-PA-Social-1200x818.png 1200w, https:\/\/www.birlacarbon.com\/wp-content\/uploads\/2019\/12\/Birla-Webinar-High-Jetness-PA-Social.png 1406w\" sizes=\"(max-width: 1406px) 100vw, 1406px\" \/><\/a><\/p>\n<p><strong>Seminario web \u2013 12 de diciembre de 2019<\/strong><\/p>\n<ul>\n<li>Birla Carbon y el seminario de SpecialChem presentan c\u00f3mo lograr un alta negrura en pl\u00e1sticos<\/li>\n<li><a href=\"https:\/\/polymer-additives.specialchem.com\/webinar-video\/high-jetness-plastics-impact-of-processing-on-color-development\" target=\"_blank\" rel=\"noopener noreferrer\"> Haga clic aqu\u00ed <\/a> para registrarse<\/li>\n<\/ul>\n<hr \/>\n<h3><a href=\"https:\/\/www.carbonblack2019.com\/\" target=\"_blank\" rel=\"noopener noreferrer\">Encerramento das Atividades Culturais ABTB Regi\u00e3o Sul\/2019<\/a><\/h3>\n<p><strong>29 de noviembre de 2019<\/strong><br \/>\n<strong>S\u00e3o Leopoldo, Brasil<\/strong><\/p>\n<ul>\n<li>Marcos Milheiro hablar\u00e1 sobre la cartera de productos de Birla Carbon para aplicaciones del caucho en el evento organizado por la Asociaci\u00f3n Brasile\u00f1a de Tecnolog\u00eda del Caucho.<\/li>\n<li><a href=\"https:\/\/www.abtb.com.br\/eventos\" target=\"_blank\" rel=\"noopener noreferrer\">https:\/\/www.abtb.com.br\/eventos<\/a><\/li>\n<\/ul>\n<hr \/>\n<h3><a href=\"https:\/\/www.carbonblack2019.com\" target=\"_blank\" rel=\"noopener noreferrer\">Negro de carbono 2019: Perspectiva en la regi\u00f3n Asia Pac\u00edfico<\/a><\/h3>\n<p><strong>5-7 de noviembre de 2019<\/strong><br \/>\n<strong>Bangkok, Tailandia<\/strong><\/p>\n<ul>\n<li>Birla Carbon dirige la organizaci\u00f3n y ejecuci\u00f3n de uno de los mayores eventos de la industria del negro de carbono en Asia: <em>\u2018Carbon Black 2019 &#8211; Perspective in Asia Pacific\u2019 (Negro de carbono 2019: Perspectiva en la regi\u00f3n Asia Pac\u00edfico)<\/em> en Bangkok, Tailandia del 5-7 de noviembre de 2019<\/li>\n<li>As a Platinum Sponsor, Birla Carbon will participate and exhibit at the event along with industry participants<\/li>\n<li>Dr Santrupt B Misra, CEO, Birla Carbon and Director Group HR, Aditya Birla Group, will be the key note speaker at the conference<\/li>\n<li>Mr Sanjeev Sood, President, South Asia, Birla Carbon, is the Chairman of the International Advisory Board and the Chairman of the Organizing Committee<\/li>\n<li><a href=\"https:\/\/www.carbonblack2019.com\" target=\"_blank\" rel=\"noopener noreferrer\">https:\/\/www.carbonblack2019.com<\/a><\/li>\n<\/ul>\n<hr \/>\n<h3><a href=\"https:\/\/www.k-online.com\" target=\"_blank\" rel=\"noopener noreferrer\">K 2019<\/a><\/h3>\n<p><strong>16-23 de octubre de 2019<\/strong><br \/>\n<strong>D\u00fcsseldorf, Alemania<\/strong><\/p>\n<ul>\n<li>Birla Carbon estar\u00e1 presente en la feria de muestras K 2019, en el stand H38 del Sal\u00f3n 8A<\/li>\n<li><a href=\"https:\/\/www.k-online.com\" target=\"_blank\" rel=\"noopener noreferrer\">https:\/\/www.k-online.com<\/a><\/li>\n<\/ul>\n<hr \/>\n<h3><a href=\"https:\/\/www.rubberiec.org\/\" target=\"_blank\" rel=\"noopener noreferrer\">Conferencia Internacional de Elast\u00f3meros<\/a><\/h3>\n<p><strong>8-10 de octubre de 2019<\/strong><br \/>\n<strong>Cleveland, Ohio, EE.UU.<\/strong><\/p>\n<ul>\n<li>Lewis B. Tunnicliffe, Dr. en F\u00edsica y Jefe de Desarrollo de Productos de Caucho de Birla Carbon, hablar\u00e1 en la conferencia \u201cCaucho para aplicaciones de impacto, amortiguaci\u00f3n, ruido y vibraci\u00f3n\u201d acerca de \u201cRefuerzos de negro de carbono de caucho para aplicaciones de aislamiento contra vibraciones: Rendimiento din\u00e1mico y durabilidad\u201d.<\/li>\n<li><a href=\"https:\/\/www.rubberiec.org\/\" target=\"_blank\" rel=\"noopener noreferrer\">https:\/\/www.rubberiec.org\/<\/a><\/li>\n<\/ul>\n<hr \/>\n<h3><a href=\"https:\/\/www.rubberiec.org\/\" target=\"_blank\" rel=\"noopener noreferrer\">IRC 2019 \u2013 Innovaciones en materiales y productos elastom\u00e9ricos<\/a><\/h3>\n<p><strong>3-5 de septiembre de 2019<\/strong><br \/>\n<strong>Londres, Reino Unido<\/strong><\/p>\n<ul>\n<li>Lewis B. Tunnicliffe, MRes Dr. en F\u00edsica, Cient\u00edfico Jefe de Desarrollo de Productos de Caucho en Birla Carbon, hablar\u00e1 acerca de \u201crefuerzos de negro de carb\u00f3ono de caucho para aplicaciones antivibraci\u00f3n\u201d.<\/li>\n<li><a href=\"https:\/\/www.irc2019.org\/home\" target=\"_blank\" rel=\"noopener noreferrer\">https:\/\/www.irc2019.org\/home<\/a><\/li>\n<\/ul>\n<hr \/>\n<h3><a href=\"https:\/\/www.european-coatings-show.com\/\" target=\"_blank\" rel=\"noopener noreferrer\">Seminario web de Birla Carbon: Alta negrura para revestimientos \u2013 Problemas de formulaci\u00f3n<\/a><\/h3>\n<p><strong>16 de mayo de 2019<\/strong><\/p>\n<ul>\n<li>El Dr. Richard Abbott y Alessandro Vulcano de Birla Carbon presentar\u00e1n un seminario web de revestimientos el 16 de mayo de 2019.<\/li>\n<li>La sesi\u00f3n examinar\u00e1 los problemas presentados por la dispersi\u00f3n de los negros de carbono de alto color en formulaciones de revestimientos y ofrecer\u00e1 un marco acerca de c\u00f3mo afrontar los problemas.<\/li>\n<li><a href=\"https:\/\/coatings.specialchem.com\/webinar-video\/high-jetness-for-coatings\" target=\"_blank\" rel=\"noopener noreferrer\"> Haga clic aqu\u00ed para registrarse en el seminario web<\/a><\/li>\n<\/ul>\n<hr \/>\n<h3><a href=\"https:\/\/www.iom3.co.za\/index.php\/conference\" target=\"_blank\" rel=\"noopener noreferrer\">24\u00aa Conferencia Nacional del Caucho <\/a><\/h3>\n<p><strong>5-6 de abril de 2019<\/strong><br \/>\n<strong>Cabo San Francisco, Sud\u00e1frica <\/strong><\/p>\n<ul>\n<li>Joseph Hallett, Doctor en F\u00edsica, de Birla Carbon, hablar\u00e1 acerca de \u201cGrados de rendimiento mejorados: c\u00f3mo mejorar el rendimiento del producto al tiempo que aumenta la productividad\u201d. Tambi\u00e9n representar\u00e1 a su instituci\u00f3n profesional (IOM3: Instituto de Materiales, Minerales y Miner\u00eda de Reino Unido)<\/li>\n<li><a href=\"https:\/\/www.iom3.co.za\/index.php\/conference\" target=\"_blank\" rel=\"noopener noreferrer\">https:\/\/www.iom3.co.za\/index.php\/conference<\/a><\/li>\n<\/ul>\n<hr \/>\n<h3><a href=\"https:\/\/www.european-coatings-show.com\/\" target=\"_blank\" rel=\"noopener noreferrer\">Muestra Europea de Revestimientos 2019<\/a><\/h3>\n<p><strong>19-21 de marzo de 2019<\/strong><br \/>\n<strong>Nuremberg, Alemania<\/strong><\/p>\n<ul>\n<li>Birla Carbon se complace en anunciar el lanzamiento de Raven 5100 Ultra, el \u00faltimo producto de nuestra familia de negros de carbono Raven de alto rendimiento para recubrimientos automotrices, industriales, arquitect\u00f3nicos y de polvo.<\/li>\n<li><a href=\"https:\/\/specialtyblacks.com\/ecs2019\/\" target=\"_blank\" rel=\"noopener noreferrer\"> Programe una reuni\u00f3n en la Muestra Europea de Revestimientos<\/a><\/li>\n<\/ul>\n<hr \/>\n<h3><a href=\"https:\/\/www.iom3.org\/rubber-engineering-group\/event\/elastomer-fillers\" target=\"_blank\" rel=\"noopener noreferrer\">Rellenos de elast\u00f3meros<\/a><\/h3>\n<p><strong>22 de marzo de 2019<\/strong><br \/>\n<strong>Londres, Reino Unido<\/strong><\/p>\n<ul>\n<li>Lewis Tunnicliffe, Dr. en F\u00edsica, y Charles Herd, Dr. en F\u00edsica, hablar\u00e1n acerca de las \u201cOportunidades de los negros de carb\u00f3n funcionalizados en aplicaciones con caucho\u201d. Se tratar\u00e1n estrategias de funcionalizaci\u00f3n del negro de carb\u00f3n junto a los datos experimentales recientes acerca del uso de negros de carb\u00f3n muy funcionalizados en aplicaciones con neum\u00e1ticos. Los negros de carb\u00f3n oxidizados pueden combinarse con elast\u00f3meros funcionalizados adecuadamente (p. ej. XsSBR, Li-BR, ENR) o qu\u00edmicos compatibilizadores para lograr un rendimiento diferenciado. Esto es especialmente importante por la presi\u00f3n cada vez mayor que tienen los fabricantes de neum\u00e1ticos para lograr una resistencia de rodado reducida.<\/li>\n<li><a href=\"https:\/\/www.iom3.org\/rubber-engineering-group\/event\/elastomer-fillers\" target=\"_blank\" rel=\"noopener noreferrer\">https:\/\/www.iom3.org\/rubber-engineering-group\/event\/elastomer-fillers<\/a><\/li>\n<\/ul>\n<hr \/>\n<h3><a href=\"https:\/\/www.feiplastic.com.br\/en\/Home\/\" target=\"_blank\" rel=\"noopener noreferrer\">Feria Internacional de Pl\u00e1sticos Feiplastic<\/a><\/h3>\n<p><strong>22-26 de abril de 2019<\/strong><br \/>\n<strong>Brasil<\/strong><\/p>\n<ul>\n<li>Birla Carbon exhibir\u00e1 su gama de negros de carbono de alto color, incluidos los Raven<sup>\u00ae<\/sup> 2350 Ultra<sup>\u00ae<\/sup>, Raven<sup>\u00ae<\/sup> 2800 Ultra<sup>\u00ae<\/sup>, Raven<sup>\u00ae<\/sup> 2900 Ultra<sup>\u00ae<\/sup> y Raven<sup>\u00ae<\/sup> 3000 Ultra<sup>\u00ae<\/sup>, en el stand L95 de la pr\u00f3xima <a href=\"https:\/\/www.feiplastic.com.br\/en\/Home\/\" target=\"_blank\" rel=\"noopener noreferrer\">Feria Internacional de Pl\u00e1sticos<\/a>.<\/li>\n<\/ul>\n<hr \/>\n<h3><a href=\"https:\/\/www.rubber.org\/spring-technical-meeting\" target=\"_blank\" rel=\"noopener noreferrer\">Reuni\u00f3n T\u00e9cnica de Primavera de la Divisi\u00f3n de Cauchos de la Sociedad Qu\u00edmica Americana <\/a><\/h3>\n<p><strong>30 de abril-2 de mayo de 2019<\/strong><br \/>\n<strong>Independence, Ohio, EE. UU.<\/strong><\/p>\n<ul>\n<li>Birla Carbon ofrecer\u00e1 dos presentaciones t\u00e9cnicas en la Reuni\u00f3n T\u00e9cnica de Primavera de la Divisi\u00f3n de Cauchos de la Sociedad Qu\u00edmica Americana<\/li>\n<li>Lewis Tunnicliffe, Dr. en F\u00edsica, hablar\u00e1 de los \u201cprocesos de floculaci\u00f3n tixotr\u00f3pica en los cauchos rellenados con negro de carb\u00f3n\u201d<\/li>\n<li>Seth L. Young, Dr. en F\u00edsica, presentar\u00e1 \u201cMicroscopia de la fuerza at\u00f3mica de la dispersi\u00f3n del negro de carb\u00f3n en la microescala de los compuestos SBR b\u00e1sicos\u201d<\/li>\n<li>Charles Herd, Dr. en F\u00edsica y Director de Tecnolog\u00eda de Cauchos de Birla Carbon, hablar\u00e1 en la sesi\u00f3n de ganadores de premios. Charles recibir\u00e1 el premio Fernley H. Banbury en el evento<\/li>\n<li><a href=\"https:\/\/www.rubber.org\/spring-technical-meeting\" target=\"_blank\" rel=\"noopener noreferrer\">https:\/\/www.rubber.org\/spring-technical-meeting<\/a><\/li>\n<\/ul>\n<hr \/>\n<h3><a href=\"https:\/\/www.tiretechnology-expo.com\/en\/\" target=\"_blank\" rel=\"noopener noreferrer\">Tire Technology Expo<\/a><\/h3>\n<p><strong>5-7 de marzo de 2019<\/strong><br \/>\n<strong>Hannover, Alemania<\/strong><\/p>\n<ul>\n<li>Birla Carbon expondr\u00e1 en la cabina C218 del Sal\u00f3n 19\/20 de la muestra<\/li>\n<li><a href=\"https:\/\/www.tiretechnology-expo.com\/en\" target=\"_blank\" rel=\"noopener noreferrer\">https:\/\/www.tiretechnology-expo.com\/en<\/a>\/<\/li>\n<\/ul>\n<hr \/>\n<\/div><div class=\"fusion-button-wrapper fusion-align-block\"><a class=\"fusion-button button-flat fusion-button-default-size button-default fusion-button-default button-1 fusion-button-default-span fusion-button-default-type\" target=\"_self\" href=\"https:\/\/birlacarbon.com\/es\/eventos\/\"><span class=\"fusion-button-text awb-button__text awb-button__text--default\">VER EVENTOS FUTUROS <\/span><\/a><\/div><div class=\"fusion-clearfix\"><\/div><\/div><\/div><\/div><\/div>\n","protected":false},"excerpt":{"rendered":"","protected":false},"author":10,"featured_media":0,"parent":0,"menu_order":9,"comment_status":"closed","ping_status":"closed","template":"100-width.php","meta":{"_acf_changed":false,"_monsterinsights_skip_tracking":false,"_monsterinsights_sitenote_active":false,"_monsterinsights_sitenote_note":"","_monsterinsights_sitenote_category":0,"footnotes":""},"class_list":["post-5103","page","type-page","status-publish","hentry"],"acf":false,"yoast_head":"<!-- This site is optimized with the Yoast SEO plugin v27.4 - https:\/\/yoast.com\/product\/yoast-seo-wordpress\/ -->\n<title>EVENTOS PASADOS - Birla Carbon<\/title>\n<meta name=\"robots\" content=\"index, follow, max-snippet:-1, max-image-preview:large, max-video-preview:-1\" \/>\n<link rel=\"canonical\" href=\"https:\/\/www.birlacarbon.com\/es\/eventos-pasados\/\" \/>\n<meta property=\"og:locale\" content=\"es_ES\" \/>\n<meta property=\"og:type\" content=\"article\" \/>\n<meta property=\"og:title\" content=\"EVENTOS PASADOS - Birla Carbon\" \/>\n<meta property=\"og:url\" content=\"https:\/\/www.birlacarbon.com\/es\/eventos-pasados\/\" \/>\n<meta property=\"og:site_name\" content=\"Birla Carbon\" \/>\n<meta property=\"article:modified_time\" content=\"2025-09-16T13:01:50+00:00\" \/>\n<meta property=\"og:image\" content=\"https:\/\/www.birlacarbon.com\/wp-content\/uploads\/2019\/12\/Birla-Webinar-High-Jetness-PA-Social.png\" \/>\n\t<meta property=\"og:image:width\" content=\"1406\" \/>\n\t<meta property=\"og:image:height\" content=\"959\" \/>\n\t<meta property=\"og:image:type\" content=\"image\/png\" \/>\n<meta name=\"twitter:card\" content=\"summary_large_image\" \/>\n<meta name=\"twitter:label1\" content=\"Tiempo de lectura\" \/>\n\t<meta name=\"twitter:data1\" content=\"17 minutos\" \/>\n<!-- \/ Yoast SEO plugin. -->","yoast_head_json":{"title":"EVENTOS PASADOS - Birla Carbon","robots":{"index":"index","follow":"follow","max-snippet":"max-snippet:-1","max-image-preview":"max-image-preview:large","max-video-preview":"max-video-preview:-1"},"canonical":"https:\/\/www.birlacarbon.com\/es\/eventos-pasados\/","og_locale":"es_ES","og_type":"article","og_title":"EVENTOS PASADOS - Birla Carbon","og_url":"https:\/\/www.birlacarbon.com\/es\/eventos-pasados\/","og_site_name":"Birla Carbon","article_modified_time":"2025-09-16T13:01:50+00:00","og_image":[{"width":1406,"height":959,"url":"https:\/\/www.birlacarbon.com\/wp-content\/uploads\/2019\/12\/Birla-Webinar-High-Jetness-PA-Social.png","type":"image\/png"}],"twitter_card":"summary_large_image","twitter_misc":{"Tiempo de lectura":"17 minutos"},"schema":{"@context":"https:\/\/schema.org","@graph":[{"@type":"WebPage","@id":"https:\/\/www.birlacarbon.com\/es\/eventos-pasados\/","url":"https:\/\/www.birlacarbon.com\/es\/eventos-pasados\/","name":"EVENTOS PASADOS - Birla Carbon","isPartOf":{"@id":"https:\/\/www.birlacarbon.com\/es\/#website"},"primaryImageOfPage":{"@id":"https:\/\/www.birlacarbon.com\/es\/eventos-pasados\/#primaryimage"},"image":{"@id":"https:\/\/www.birlacarbon.com\/es\/eventos-pasados\/#primaryimage"},"thumbnailUrl":"https:\/\/www.birlacarbon.com\/wp-content\/uploads\/2019\/12\/Birla-Webinar-High-Jetness-PA-Social.png","datePublished":"2019-03-08T18:46:33+00:00","dateModified":"2025-09-16T13:01:50+00:00","breadcrumb":{"@id":"https:\/\/www.birlacarbon.com\/es\/eventos-pasados\/#breadcrumb"},"inLanguage":"es","potentialAction":[{"@type":"ReadAction","target":["https:\/\/www.birlacarbon.com\/es\/eventos-pasados\/"]}]},{"@type":"ImageObject","inLanguage":"es","@id":"https:\/\/www.birlacarbon.com\/es\/eventos-pasados\/#primaryimage","url":"https:\/\/www.birlacarbon.com\/wp-content\/uploads\/2019\/12\/Birla-Webinar-High-Jetness-PA-Social.png","contentUrl":"https:\/\/www.birlacarbon.com\/wp-content\/uploads\/2019\/12\/Birla-Webinar-High-Jetness-PA-Social.png"},{"@type":"BreadcrumbList","@id":"https:\/\/www.birlacarbon.com\/es\/eventos-pasados\/#breadcrumb","itemListElement":[{"@type":"ListItem","position":1,"name":"Home","item":"https:\/\/www.birlacarbon.com\/es\/"},{"@type":"ListItem","position":2,"name":"EVENTOS PASADOS"}]},{"@type":"WebSite","@id":"https:\/\/www.birlacarbon.com\/es\/#website","url":"https:\/\/www.birlacarbon.com\/es\/","name":"Birla Carbon","description":"Birla Carbon","publisher":{"@id":"https:\/\/www.birlacarbon.com\/es\/#organization"},"potentialAction":[{"@type":"SearchAction","target":{"@type":"EntryPoint","urlTemplate":"https:\/\/www.birlacarbon.com\/es\/?s={search_term_string}"},"query-input":{"@type":"PropertyValueSpecification","valueRequired":true,"valueName":"search_term_string"}}],"inLanguage":"es"},{"@type":"Organization","@id":"https:\/\/www.birlacarbon.com\/es\/#organization","name":"Birla Carbon","url":"https:\/\/www.birlacarbon.com\/es\/","logo":{"@type":"ImageObject","inLanguage":"es","@id":"https:\/\/www.birlacarbon.com\/es\/#\/schema\/logo\/image\/","url":"https:\/\/www.birlacarbon.com\/wp-content\/uploads\/2017\/01\/aditya-birla-logo-retina.png","contentUrl":"https:\/\/www.birlacarbon.com\/wp-content\/uploads\/2017\/01\/aditya-birla-logo-retina.png","width":190,"height":182,"caption":"Birla Carbon"},"image":{"@id":"https:\/\/www.birlacarbon.com\/es\/#\/schema\/logo\/image\/"}}]}},"_links":{"self":[{"href":"https:\/\/www.birlacarbon.com\/es\/wp-json\/wp\/v2\/pages\/5103","targetHints":{"allow":["GET"]}}],"collection":[{"href":"https:\/\/www.birlacarbon.com\/es\/wp-json\/wp\/v2\/pages"}],"about":[{"href":"https:\/\/www.birlacarbon.com\/es\/wp-json\/wp\/v2\/types\/page"}],"author":[{"embeddable":true,"href":"https:\/\/www.birlacarbon.com\/es\/wp-json\/wp\/v2\/users\/10"}],"replies":[{"embeddable":true,"href":"https:\/\/www.birlacarbon.com\/es\/wp-json\/wp\/v2\/comments?post=5103"}],"version-history":[{"count":0,"href":"https:\/\/www.birlacarbon.com\/es\/wp-json\/wp\/v2\/pages\/5103\/revisions"}],"wp:attachment":[{"href":"https:\/\/www.birlacarbon.com\/es\/wp-json\/wp\/v2\/media?parent=5103"}],"curies":[{"name":"wp","href":"https:\/\/api.w.org\/{rel}","templated":true}]}}